{"id":179546,"date":"2026-03-30T14:30:22","date_gmt":"2026-03-30T12:30:22","guid":{"rendered":"https:\/\/sportbiz.ch\/assemblee-generale-2026\/"},"modified":"2026-04-24T09:48:06","modified_gmt":"2026-04-24T07:48:06","slug":"assemblee-generale-2026","status":"publish","type":"page","link":"https:\/\/sportbiz.ch\/fr\/assemblee-generale-2026\/","title":{"rendered":"assembl\u00e9e des membres ASMAS 2026"},"content":{"rendered":"\t\t<div data-elementor-type=\"wp-page\" data-elementor-id=\"179546\" class=\"elementor elementor-179546 elementor-178676\" data-elementor-post-type=\"page\">\n\t\t\t\t\t\t<section class=\"elementor-section elementor-top-section elementor-element elementor-element-461b20ff elementor-section-boxed elementor-section-height-default elementor-section-height-default\" data-id=\"461b20ff\" data-element_type=\"section\" data-e-type=\"section\" data-settings=\"{&quot;background_background&quot;:&quot;classic&quot;}\">\n\t\t\t\t\t\t<div class=\"elementor-container elementor-column-gap-default\">\n\t\t\t\t\t<div class=\"elementor-column elementor-col-100 elementor-top-column elementor-element elementor-element-79687cba\" data-id=\"79687cba\" data-element_type=\"column\" data-e-type=\"column\">\n\t\t\t<div class=\"elementor-widget-wrap elementor-element-populated\">\n\t\t\t\t\t\t<div class=\"elementor-element elementor-element-70a91597 elementor-widget elementor-widget-heading\" data-id=\"70a91597\" data-element_type=\"widget\" data-e-type=\"widget\" data-widget_type=\"heading.default\">\n\t\t\t\t<div class=\"elementor-widget-container\">\n\t\t\t\t\t<h1 class=\"elementor-heading-title elementor-size-default\">11e assembl\u00e9e des membres ASMAS | SportBusinessNetworkDay | Mardi 9 juin 2026 | Campus Sursee<\/h1>\t\t\t\t<\/div>\n\t\t\t\t<\/div>\n\t\t\t\t\t<\/div>\n\t\t<\/div>\n\t\t\t\t\t<\/div>\n\t\t<\/section>\n\t\t<div class=\"elementor-element elementor-element-25b3b60 e-flex e-con-boxed e-con e-parent\" data-id=\"25b3b60\" data-element_type=\"container\" data-e-type=\"container\">\n\t\t\t\t\t<div class=\"e-con-inner\">\n\t\t\t\t<div class=\"elementor-element elementor-element-38304f4 elementor-widget elementor-widget-text-editor\" data-id=\"38304f4\" data-element_type=\"widget\" data-e-type=\"widget\" data-widget_type=\"text-editor.default\">\n\t\t\t\t<div class=\"elementor-widget-container\">\n\t\t\t\t\t\t\t\t\tVous avez re\u00e7u l&rsquo;invitation par courrier - vous trouverez ici toutes les informations ainsi que l&rsquo;inscription \u00e0 l&rsquo;\u00e9v\u00e9nement.\t\t\t\t\t\t\t\t<\/div>\n\t\t\t\t<\/div>\n\t\t\t\t\t<\/div>\n\t\t\t\t<\/div>\n\t\t<div class=\"elementor-element elementor-element-4a14be6 e-flex e-con-boxed e-con e-parent\" data-id=\"4a14be6\" data-element_type=\"container\" data-e-type=\"container\">\n\t\t\t\t\t<div class=\"e-con-inner\">\n\t\t\t\t<div class=\"elementor-element elementor-element-976f3d6 elementor-widget elementor-widget-heading\" data-id=\"976f3d6\" data-element_type=\"widget\" data-e-type=\"widget\" data-widget_type=\"heading.default\">\n\t\t\t\t<div class=\"elementor-widget-container\">\n\t\t\t\t\t<h3 class=\"elementor-heading-title elementor-size-default\">Programme<\/h3>\t\t\t\t<\/div>\n\t\t\t\t<\/div>\n\t\t\t\t<div class=\"elementor-element elementor-element-51deef5 elementor-widget elementor-widget-text-editor\" data-id=\"51deef5\" data-element_type=\"widget\" data-e-type=\"widget\" data-widget_type=\"text-editor.default\">\n\t\t\t\t<div class=\"elementor-widget-container\">\n\t\t\t\t\t\t\t\t\t<p>Les deux associations, l&rsquo;ASMAS et la SPAF, tiendront leurs assembl\u00e9es g\u00e9n\u00e9rales dans la matin\u00e9e.<\/p>\t\t\t\t\t\t\t\t<\/div>\n\t\t\t\t<\/div>\n\t\t\t\t<div class=\"elementor-element elementor-element-d4e721b elementor-widget elementor-widget-text-editor\" data-id=\"d4e721b\" data-element_type=\"widget\" data-e-type=\"widget\" data-widget_type=\"text-editor.default\">\n\t\t\t\t<div class=\"elementor-widget-container\">\n\t\t\t\t\t\t\t\t\t<p>Nous nous retrouverons ensuite pour une conf\u00e9rence passionnante, qui offrira des perspectives int\u00e9ressantes et des r\u00e9flexions sur des th\u00e8mes d&rsquo;actualit\u00e9 dans la branche.<\/p>\t\t\t\t\t\t\t\t<\/div>\n\t\t\t\t<\/div>\n\t\t\t\t<div class=\"elementor-element elementor-element-db05dc4 elementor-widget elementor-widget-text-editor\" data-id=\"db05dc4\" data-element_type=\"widget\" data-e-type=\"widget\" data-widget_type=\"text-editor.default\">\n\t\t\t\t<div class=\"elementor-widget-container\">\n\t\t\t\t\t\t\t\t\t<p>Le d\u00e9jeuner commun qui suivra vous offrira l\u2019occasion de nouer et de renforcer des relations, d\u2019\u00e9changer des informations et d\u2019entretenir des liens d\u2019amiti\u00e9.<\/p>\t\t\t\t\t\t\t\t<\/div>\n\t\t\t\t<\/div>\n\t\t\t\t<div class=\"elementor-element elementor-element-89828ef elementor-icon-list--layout-traditional elementor-list-item-link-full_width elementor-widget elementor-widget-icon-list\" data-id=\"89828ef\" data-element_type=\"widget\" data-e-type=\"widget\" data-widget_type=\"icon-list.default\">\n\t\t\t\t<div class=\"elementor-widget-container\">\n\t\t\t\t\t\t\t<ul class=\"elementor-icon-list-items\">\n\t\t\t\t\t\t\t<li class=\"elementor-icon-list-item\">\n\t\t\t\t\t\t\t\t\t\t\t<span class=\"elementor-icon-list-icon\">\n\t\t\t\t\t\t\t<svg aria-hidden=\"true\" class=\"e-font-icon-svg e-far-calendar-alt\" viewBox=\"0 0 448 512\" xmlns=\"http:\/\/www.w3.org\/2000\/svg\"><path d=\"M148 288h-40c-6.6 0-12-5.4-12-12v-40c0-6.6 5.4-12 12-12h40c6.6 0 12 5.4 12 12v40c0 6.6-5.4 12-12 12zm108-12v-40c0-6.6-5.4-12-12-12h-40c-6.6 0-12 5.4-12 12v40c0 6.6 5.4 12 12 12h40c6.6 0 12-5.4 12-12zm96 0v-40c0-6.6-5.4-12-12-12h-40c-6.6 0-12 5.4-12 12v40c0 6.6 5.4 12 12 12h40c6.6 0 12-5.4 12-12zm-96 96v-40c0-6.6-5.4-12-12-12h-40c-6.6 0-12 5.4-12 12v40c0 6.6 5.4 12 12 12h40c6.6 0 12-5.4 12-12zm-96 0v-40c0-6.6-5.4-12-12-12h-40c-6.6 0-12 5.4-12 12v40c0 6.6 5.4 12 12 12h40c6.6 0 12-5.4 12-12zm192 0v-40c0-6.6-5.4-12-12-12h-40c-6.6 0-12 5.4-12 12v40c0 6.6 5.4 12 12 12h40c6.6 0 12-5.4 12-12zm96-260v352c0 26.5-21.5 48-48 48H48c-26.5 0-48-21.5-48-48V112c0-26.5 21.5-48 48-48h48V12c0-6.6 5.4-12 12-12h40c6.6 0 12 5.4 12 12v52h128V12c0-6.6 5.4-12 12-12h40c6.6 0 12 5.4 12 12v52h48c26.5 0 48 21.5 48 48zm-48 346V160H48v298c0 3.3 2.7 6 6 6h340c3.3 0 6-2.7 6-6z\"><\/path><\/svg>\t\t\t\t\t\t<\/span>\n\t\t\t\t\t\t\t\t\t\t<span class=\"elementor-icon-list-text\">Mardi 9 juin 2026<\/span>\n\t\t\t\t\t\t\t\t\t<\/li>\n\t\t\t\t\t\t\t\t<li class=\"elementor-icon-list-item\">\n\t\t\t\t\t\t\t\t\t\t\t<span class=\"elementor-icon-list-icon\">\n\t\t\t\t\t\t\t<svg aria-hidden=\"true\" class=\"e-font-icon-svg e-far-clock\" viewBox=\"0 0 512 512\" xmlns=\"http:\/\/www.w3.org\/2000\/svg\"><path d=\"M256 8C119 8 8 119 8 256s111 248 248 248 248-111 248-248S393 8 256 8zm0 448c-110.5 0-200-89.5-200-200S145.5 56 256 56s200 89.5 200 200-89.5 200-200 200zm61.8-104.4l-84.9-61.7c-3.1-2.3-4.9-5.9-4.9-9.7V116c0-6.6 5.4-12 12-12h32c6.6 0 12 5.4 12 12v141.7l66.8 48.6c5.4 3.9 6.5 11.4 2.6 16.8L334.6 349c-3.9 5.3-11.4 6.5-16.8 2.6z\"><\/path><\/svg>\t\t\t\t\t\t<\/span>\n\t\t\t\t\t\t\t\t\t\t<span class=\"elementor-icon-list-text\">\u00e0 partir de 09:00 : caf\u00e9 de bienvenue<\/span>\n\t\t\t\t\t\t\t\t\t<\/li>\n\t\t\t\t\t\t\t\t<li class=\"elementor-icon-list-item\">\n\t\t\t\t\t\t\t\t\t\t\t<span class=\"elementor-icon-list-icon\">\n\t\t\t\t\t\t\t<svg aria-hidden=\"true\" class=\"e-font-icon-svg e-far-clock\" viewBox=\"0 0 512 512\" xmlns=\"http:\/\/www.w3.org\/2000\/svg\"><path d=\"M256 8C119 8 8 119 8 256s111 248 248 248 248-111 248-248S393 8 256 8zm0 448c-110.5 0-200-89.5-200-200S145.5 56 256 56s200 89.5 200 200-89.5 200-200 200zm61.8-104.4l-84.9-61.7c-3.1-2.3-4.9-5.9-4.9-9.7V116c0-6.6 5.4-12 12-12h32c6.6 0 12 5.4 12 12v141.7l66.8 48.6c5.4 3.9 6.5 11.4 2.6 16.8L334.6 349c-3.9 5.3-11.4 6.5-16.8 2.6z\"><\/path><\/svg>\t\t\t\t\t\t<\/span>\n\t\t\t\t\t\t\t\t\t\t<span class=\"elementor-icon-list-text\">09h30 : 11e assembl\u00e9e des membres ASMAS Commerce du sport Suisse<\/span>\n\t\t\t\t\t\t\t\t\t<\/li>\n\t\t\t\t\t\t\t\t<li class=\"elementor-icon-list-item\">\n\t\t\t\t\t\t\t\t\t\t\t<span class=\"elementor-icon-list-icon\">\n\t\t\t\t\t\t\t<svg aria-hidden=\"true\" class=\"e-font-icon-svg e-far-clock\" viewBox=\"0 0 512 512\" xmlns=\"http:\/\/www.w3.org\/2000\/svg\"><path d=\"M256 8C119 8 8 119 8 256s111 248 248 248 248-111 248-248S393 8 256 8zm0 448c-110.5 0-200-89.5-200-200S145.5 56 256 56s200 89.5 200 200-89.5 200-200 200zm61.8-104.4l-84.9-61.7c-3.1-2.3-4.9-5.9-4.9-9.7V116c0-6.6 5.4-12 12-12h32c6.6 0 12 5.4 12 12v141.7l66.8 48.6c5.4 3.9 6.5 11.4 2.6 16.8L334.6 349c-3.9 5.3-11.4 6.5-16.8 2.6z\"><\/path><\/svg>\t\t\t\t\t\t<\/span>\n\t\t\t\t\t\t\t\t\t\t<span class=\"elementor-icon-list-text\">11h00 : 8e SportBusinessNetworkDay<\/span>\n\t\t\t\t\t\t\t\t\t<\/li>\n\t\t\t\t\t\t\t\t<li class=\"elementor-icon-list-item\">\n\t\t\t\t\t\t\t\t\t\t\t<span class=\"elementor-icon-list-icon\">\n\t\t\t\t\t\t\t<svg aria-hidden=\"true\" class=\"e-font-icon-svg e-far-clock\" viewBox=\"0 0 512 512\" xmlns=\"http:\/\/www.w3.org\/2000\/svg\"><path d=\"M256 8C119 8 8 119 8 256s111 248 248 248 248-111 248-248S393 8 256 8zm0 448c-110.5 0-200-89.5-200-200S145.5 56 256 56s200 89.5 200 200-89.5 200-200 200zm61.8-104.4l-84.9-61.7c-3.1-2.3-4.9-5.9-4.9-9.7V116c0-6.6 5.4-12 12-12h32c6.6 0 12 5.4 12 12v141.7l66.8 48.6c5.4 3.9 6.5 11.4 2.6 16.8L334.6 349c-3.9 5.3-11.4 6.5-16.8 2.6z\"><\/path><\/svg>\t\t\t\t\t\t<\/span>\n\t\t\t\t\t\t\t\t\t\t<span class=\"elementor-icon-list-text\">12h30 : Barbecue avec les membres du SPAF<\/span>\n\t\t\t\t\t\t\t\t\t<\/li>\n\t\t\t\t\t\t\t\t<li class=\"elementor-icon-list-item\">\n\t\t\t\t\t\t\t\t\t\t\t<a href=\"https:\/\/www.campus-sursee.ch\/anreise\/\" target=\"_blank\">\n\n\t\t\t\t\t\t\t\t\t\t\t\t<span class=\"elementor-icon-list-icon\">\n\t\t\t\t\t\t\t<svg aria-hidden=\"true\" class=\"e-font-icon-svg e-fas-map-marker-alt\" viewBox=\"0 0 384 512\" xmlns=\"http:\/\/www.w3.org\/2000\/svg\"><path d=\"M172.268 501.67C26.97 291.031 0 269.413 0 192 0 85.961 85.961 0 192 0s192 85.961 192 192c0 77.413-26.97 99.031-172.268 309.67-9.535 13.774-29.93 13.773-39.464 0zM192 272c44.183 0 80-35.817 80-80s-35.817-80-80-80-80 35.817-80 80 35.817 80 80 80z\"><\/path><\/svg>\t\t\t\t\t\t<\/span>\n\t\t\t\t\t\t\t\t\t\t<span class=\"elementor-icon-list-text\">Campus Sursee, 6210 Sursee (d\u00e9tails sur l'acc\u00e8s)<\/span>\n\t\t\t\t\t\t\t\t\t\t\t<\/a>\n\t\t\t\t\t\t\t\t\t<\/li>\n\t\t\t\t\t\t<\/ul>\n\t\t\t\t\t\t<\/div>\n\t\t\t\t<\/div>\n\t\t\t\t\t<\/div>\n\t\t\t\t<\/div>\n\t\t<div class=\"elementor-element elementor-element-14aae72 e-flex e-con-boxed e-con e-parent\" data-id=\"14aae72\" data-element_type=\"container\" data-e-type=\"container\">\n\t\t\t\t\t<div class=\"e-con-inner\">\n\t\t\t\t<div class=\"elementor-element elementor-element-b835b88 elementor-widget elementor-widget-heading\" data-id=\"b835b88\" data-element_type=\"widget\" data-e-type=\"widget\" data-widget_type=\"heading.default\">\n\t\t\t\t<div class=\"elementor-widget-container\">\n\t\t\t\t\t<h3 class=\"elementor-heading-title elementor-size-default\">Inscription  <\/h3>\t\t\t\t<\/div>\n\t\t\t\t<\/div>\n\t\t\t\t<div class=\"elementor-element elementor-element-c404074 elementor-widget elementor-widget-text-editor\" data-id=\"c404074\" data-element_type=\"widget\" data-e-type=\"widget\" data-widget_type=\"text-editor.default\">\n\t\t\t\t<div class=\"elementor-widget-container\">\n\t\t\t\t\t\t\t\t\t<p>nous nous r\u00e9jouissons de votre participation.<\/p>\t\t\t\t\t\t\t\t<\/div>\n\t\t\t\t<\/div>\n\t\t\t\t<div class=\"elementor-element elementor-element-9bc64b6 elementor-widget elementor-widget-text-editor\" data-id=\"9bc64b6\" data-element_type=\"widget\" data-e-type=\"widget\" data-widget_type=\"text-editor.default\">\n\t\t\t\t<div class=\"elementor-widget-container\">\n\t\t\t\t\t\t\t\t\t<ul><li><strong>Date limite d&rsquo;inscription<\/strong>: lundi 18 mai 2026<\/li><li><strong>Documentation :<\/strong> vous la recevrez apr\u00e8s votre inscription<\/li><\/ul>\t\t\t\t\t\t\t\t<\/div>\n\t\t\t\t<\/div>\n\t\t\t\t<div class=\"elementor-element elementor-element-7c2c788 elementor-widget elementor-widget-button\" data-id=\"7c2c788\" data-element_type=\"widget\" data-e-type=\"widget\" data-widget_type=\"button.default\">\n\t\t\t\t<div class=\"elementor-widget-container\">\n\t\t\t\t\t\t\t\t\t<div class=\"elementor-button-wrapper\">\n\t\t\t\t\t<a class=\"elementor-button elementor-button-link elementor-size-sm\" href=\"https:\/\/forms.cloud.microsoft\/e\/tpQfqh5SRg?origin=lprLink\" target=\"_blank\">\n\t\t\t\t\t\t<span class=\"elementor-button-content-wrapper\">\n\t\t\t\t\t\t\t\t\t<span class=\"elementor-button-text\">Inscrivez-vous maintenant<\/span>\n\t\t\t\t\t<\/span>\n\t\t\t\t\t<\/a>\n\t\t\t\t<\/div>\n\t\t\t\t\t\t\t\t<\/div>\n\t\t\t\t<\/div>\n\t\t\t\t\t<\/div>\n\t\t\t\t<\/div>\n\t\t<div class=\"elementor-element elementor-element-55477bb elementor-hidden-desktop elementor-hidden-tablet elementor-hidden-mobile e-flex e-con-boxed e-con e-parent\" data-id=\"55477bb\" data-element_type=\"container\" data-e-type=\"container\">\n\t\t\t\t\t<div class=\"e-con-inner\">\n\t\t\t\t<div class=\"elementor-element elementor-element-aede351 elementor-widget elementor-widget-heading\" data-id=\"aede351\" data-element_type=\"widget\" data-e-type=\"widget\" data-widget_type=\"heading.default\">\n\t\t\t\t<div class=\"elementor-widget-container\">\n\t\t\t\t\t<h4 class=\"elementor-heading-title elementor-size-default\">Ordre du jour provisoire de la 11e assembl\u00e9e g\u00e9n\u00e9rale de l'ASMAS :<\/h4>\t\t\t\t<\/div>\n\t\t\t\t<\/div>\n\t\t\t\t<div class=\"elementor-element elementor-element-e089a9d elementor-widget elementor-widget-text-editor\" data-id=\"e089a9d\" data-element_type=\"widget\" data-e-type=\"widget\" data-widget_type=\"text-editor.default\">\n\t\t\t\t<div class=\"elementor-widget-container\">\n\t\t\t\t\t\t\t\t\t<p>1. accueil<br>2. \u00c9lection des scrutateurs<br>3. Approbation du proc\u00e8s-verbal de la 10e AG du 4 juin 2025 \u00e0 Sursee<br>4. Approbation du rapport annuel 2025<br>5. Finances<br>5.1. Approbation du bilan et du compte de r\u00e9sultats 2025<br>5.2. Approbation du rapport des r\u00e9viseurs<br>5.3. Fixation des cotisations 2027<br>5.4. Information sur le budget 2026<br>6. \u00c9lections<br>6.1. \u00c9lection de l&rsquo;organe de r\u00e9vision<br>7. Strat\u00e9gie ASMAS 2027-30<br>8. D\u00e9cision sur les propositions des membres actifs et du comit\u00e9<br>9. Divers     <\/p>\t\t\t\t\t\t\t\t<\/div>\n\t\t\t\t<\/div>\n\t\t\t\t\t<\/div>\n\t\t\t\t<\/div>\n\t\t<div class=\"elementor-element elementor-element-3963c5e elementor-hidden-desktop elementor-hidden-tablet elementor-hidden-mobile e-flex e-con-boxed e-con e-parent\" data-id=\"3963c5e\" data-element_type=\"container\" data-e-type=\"container\">\n\t\t\t\t\t<div class=\"e-con-inner\">\n\t\t\t\t<div class=\"elementor-element elementor-element-2aa6b96 elementor-widget elementor-widget-heading\" data-id=\"2aa6b96\" data-element_type=\"widget\" data-e-type=\"widget\" data-widget_type=\"heading.default\">\n\t\t\t\t<div class=\"elementor-widget-container\">\n\t\t\t\t\t<h4 class=\"elementor-heading-title elementor-size-default\">Propositions \u00e0 l'assembl\u00e9e g\u00e9n\u00e9rale<\/h4>\t\t\t\t<\/div>\n\t\t\t\t<\/div>\n\t\t\t\t<div class=\"elementor-element elementor-element-3a5e909 elementor-widget elementor-widget-text-editor\" data-id=\"3a5e909\" data-element_type=\"widget\" data-e-type=\"widget\" data-widget_type=\"text-editor.default\">\n\t\t\t\t<div class=\"elementor-widget-container\">\n\t\t\t\t\t\t\t\t\t<p>Les propositions pour d&rsquo;autres\/nouvelles questions \u00e0 l&rsquo;ordre du jour peuvent \u00eatre soumises par \u00e9crit \u00e0 l&rsquo;ASMAS \u00e0 l&rsquo;attention du comit\u00e9 directeur jusqu&rsquo;au <strong>mardi 7 avril 2026<\/strong>. Les propositions concernant les points \u00e0 l&rsquo;ordre du jour doivent \u00eatre soumises par \u00e9crit \u00e0 l&rsquo;attention du comit\u00e9 directeur jusqu&rsquo;\u00e0 30 jours avant l&rsquo;assembl\u00e9e g\u00e9n\u00e9rale. <\/p>\t\t\t\t\t\t\t\t<\/div>\n\t\t\t\t<\/div>\n\t\t\t\t<div class=\"elementor-element elementor-element-c00daf9 elementor-icon-list--layout-traditional elementor-list-item-link-full_width elementor-widget elementor-widget-icon-list\" data-id=\"c00daf9\" data-element_type=\"widget\" data-e-type=\"widget\" data-widget_type=\"icon-list.default\">\n\t\t\t\t<div class=\"elementor-widget-container\">\n\t\t\t\t\t\t\t<ul class=\"elementor-icon-list-items\">\n\t\t\t\t\t\t\t<li class=\"elementor-icon-list-item\">\n\t\t\t\t\t\t\t\t\t\t\t<a href=\"mailto:info@asmas.ch\">\n\n\t\t\t\t\t\t\t\t\t\t\t\t<span class=\"elementor-icon-list-icon\">\n\t\t\t\t\t\t\t<svg aria-hidden=\"true\" class=\"e-font-icon-svg e-far-envelope-open\" viewBox=\"0 0 512 512\" xmlns=\"http:\/\/www.w3.org\/2000\/svg\"><path d=\"M494.586 164.516c-4.697-3.883-111.723-89.95-135.251-108.657C337.231 38.191 299.437 0 256 0c-43.205 0-80.636 37.717-103.335 55.859-24.463 19.45-131.07 105.195-135.15 108.549A48.004 48.004 0 0 0 0 201.485V464c0 26.51 21.49 48 48 48h416c26.51 0 48-21.49 48-48V201.509a48 48 0 0 0-17.414-36.993zM464 458a6 6 0 0 1-6 6H54a6 6 0 0 1-6-6V204.347c0-1.813.816-3.526 2.226-4.665 15.87-12.814 108.793-87.554 132.364-106.293C200.755 78.88 232.398 48 256 48c23.693 0 55.857 31.369 73.41 45.389 23.573 18.741 116.503 93.493 132.366 106.316a5.99 5.99 0 0 1 2.224 4.663V458zm-31.991-187.704c4.249 5.159 3.465 12.795-1.745 16.981-28.975 23.283-59.274 47.597-70.929 56.863C336.636 362.283 299.205 400 256 400c-43.452 0-81.287-38.237-103.335-55.86-11.279-8.967-41.744-33.413-70.927-56.865-5.21-4.187-5.993-11.822-1.745-16.981l15.258-18.528c4.178-5.073 11.657-5.843 16.779-1.726 28.618 23.001 58.566 47.035 70.56 56.571C200.143 320.631 232.307 352 256 352c23.602 0 55.246-30.88 73.41-45.389 11.994-9.535 41.944-33.57 70.563-56.568 5.122-4.116 12.601-3.346 16.778 1.727l15.258 18.526z\"><\/path><\/svg>\t\t\t\t\t\t<\/span>\n\t\t\t\t\t\t\t\t\t\t<span class=\"elementor-icon-list-text\">info@asmas.ch<\/span>\n\t\t\t\t\t\t\t\t\t\t\t<\/a>\n\t\t\t\t\t\t\t\t\t<\/li>\n\t\t\t\t\t\t\t\t<li class=\"elementor-icon-list-item\">\n\t\t\t\t\t\t\t\t\t\t\t<span class=\"elementor-icon-list-icon\">\n\t\t\t\t\t\t\t<svg aria-hidden=\"true\" class=\"e-font-icon-svg e-far-envelope-open\" viewBox=\"0 0 512 512\" xmlns=\"http:\/\/www.w3.org\/2000\/svg\"><path d=\"M494.586 164.516c-4.697-3.883-111.723-89.95-135.251-108.657C337.231 38.191 299.437 0 256 0c-43.205 0-80.636 37.717-103.335 55.859-24.463 19.45-131.07 105.195-135.15 108.549A48.004 48.004 0 0 0 0 201.485V464c0 26.51 21.49 48 48 48h416c26.51 0 48-21.49 48-48V201.509a48 48 0 0 0-17.414-36.993zM464 458a6 6 0 0 1-6 6H54a6 6 0 0 1-6-6V204.347c0-1.813.816-3.526 2.226-4.665 15.87-12.814 108.793-87.554 132.364-106.293C200.755 78.88 232.398 48 256 48c23.693 0 55.857 31.369 73.41 45.389 23.573 18.741 116.503 93.493 132.366 106.316a5.99 5.99 0 0 1 2.224 4.663V458zm-31.991-187.704c4.249 5.159 3.465 12.795-1.745 16.981-28.975 23.283-59.274 47.597-70.929 56.863C336.636 362.283 299.205 400 256 400c-43.452 0-81.287-38.237-103.335-55.86-11.279-8.967-41.744-33.413-70.927-56.865-5.21-4.187-5.993-11.822-1.745-16.981l15.258-18.528c4.178-5.073 11.657-5.843 16.779-1.726 28.618 23.001 58.566 47.035 70.56 56.571C200.143 320.631 232.307 352 256 352c23.602 0 55.246-30.88 73.41-45.389 11.994-9.535 41.944-33.57 70.563-56.568 5.122-4.116 12.601-3.346 16.778 1.727l15.258 18.526z\"><\/path><\/svg>\t\t\t\t\t\t<\/span>\n\t\t\t\t\t\t\t\t\t\t<span class=\"elementor-icon-list-text\">ASMAS Sportfachhandel Schweiz, Gutenbergstrasse 6, 3011 Berne<\/span>\n\t\t\t\t\t\t\t\t\t<\/li>\n\t\t\t\t\t\t<\/ul>\n\t\t\t\t\t\t<\/div>\n\t\t\t\t<\/div>\n\t\t\t\t\t<\/div>\n\t\t\t\t<\/div>\n\t\t<div class=\"elementor-element elementor-element-4a987af elementor-hidden-desktop elementor-hidden-tablet elementor-hidden-mobile e-flex e-con-boxed e-con e-parent\" data-id=\"4a987af\" data-element_type=\"container\" data-e-type=\"container\">\n\t\t\t\t\t<div class=\"e-con-inner\">\n\t\t\t\t<div class=\"elementor-element elementor-element-5415a62 elementor-widget elementor-widget-heading\" data-id=\"5415a62\" data-element_type=\"widget\" data-e-type=\"widget\" data-widget_type=\"heading.default\">\n\t\t\t\t<div class=\"elementor-widget-container\">\n\t\t\t\t\t<h4 class=\"elementor-heading-title elementor-size-default\">Suppl\u00e9ance<\/h4>\t\t\t\t<\/div>\n\t\t\t\t<\/div>\n\t\t\t\t<div class=\"elementor-element elementor-element-3c2cc9a elementor-icon-list--layout-traditional elementor-list-item-link-full_width elementor-widget elementor-widget-icon-list\" data-id=\"3c2cc9a\" data-element_type=\"widget\" data-e-type=\"widget\" data-widget_type=\"icon-list.default\">\n\t\t\t\t<div class=\"elementor-widget-container\">\n\t\t\t\t\t\t\t<ul class=\"elementor-icon-list-items\">\n\t\t\t\t\t\t\t<li class=\"elementor-icon-list-item\">\n\t\t\t\t\t\t\t\t\t\t<span class=\"elementor-icon-list-text\">Nous vous prions de nous donner une r\u00e9ponse dans tous les cas, m\u00eame en cas d'emp\u00eachement.<\/span>\n\t\t\t\t\t\t\t\t\t<\/li>\n\t\t\t\t\t\t\t\t<li class=\"elementor-icon-list-item\">\n\t\t\t\t\t\t\t\t\t\t<span class=\"elementor-icon-list-text\">Conform\u00e9ment aux statuts, vous pouvez vous faire repr\u00e9senter par un autre membre actif. Une procuration \u00e9crite est n\u00e9cessaire. <\/span>\n\t\t\t\t\t\t\t\t\t<\/li>\n\t\t\t\t\t\t\t\t<li class=\"elementor-icon-list-item\">\n\t\t\t\t\t\t\t\t\t\t\t<span class=\"elementor-icon-list-icon\">\n\t\t\t\t\t\t\t<svg aria-hidden=\"true\" class=\"e-font-icon-svg e-fas-chevron-circle-right\" viewBox=\"0 0 512 512\" xmlns=\"http:\/\/www.w3.org\/2000\/svg\"><path d=\"M256 8c137 0 248 111 248 248S393 504 256 504 8 393 8 256 119 8 256 8zm113.9 231L234.4 103.5c-9.4-9.4-24.6-9.4-33.9 0l-17 17c-9.4 9.4-9.4 24.6 0 33.9L285.1 256 183.5 357.6c-9.4 9.4-9.4 24.6 0 33.9l17 17c9.4 9.4 24.6 9.4 33.9 0L369.9 273c9.4-9.4 9.4-24.6 0-34z\"><\/path><\/svg>\t\t\t\t\t\t<\/span>\n\t\t\t\t\t\t\t\t\t\t<span class=\"elementor-icon-list-text\">T\u00e9l\u00e9charger le mod\u00e8le \"Procuration\".<\/span>\n\t\t\t\t\t\t\t\t\t<\/li>\n\t\t\t\t\t\t<\/ul>\n\t\t\t\t\t\t<\/div>\n\t\t\t\t<\/div>\n\t\t\t\t\t<\/div>\n\t\t\t\t<\/div>\n\t\t<div class=\"elementor-element elementor-element-75a7c35 elementor-hidden-desktop elementor-hidden-tablet elementor-hidden-mobile e-flex e-con-boxed e-con e-parent\" data-id=\"75a7c35\" data-element_type=\"container\" data-e-type=\"container\">\n\t\t\t\t\t<div class=\"e-con-inner\">\n\t\t\t\t<div class=\"elementor-element elementor-element-e2c9bf0 elementor-widget elementor-widget-heading\" data-id=\"e2c9bf0\" data-element_type=\"widget\" data-e-type=\"widget\" data-widget_type=\"heading.default\">\n\t\t\t\t<div class=\"elementor-widget-container\">\n\t\t\t\t\t<h3 class=\"elementor-heading-title elementor-size-default\">8e SportBusinessNetworkDay<\/h3>\t\t\t\t<\/div>\n\t\t\t\t<\/div>\n\t\t\t\t<div class=\"elementor-element elementor-element-73eeee0 elementor-widget elementor-widget-text-editor\" data-id=\"73eeee0\" data-element_type=\"widget\" data-e-type=\"widget\" data-widget_type=\"text-editor.default\">\n\t\t\t\t<div class=\"elementor-widget-container\">\n\t\t\t\t\t\t\t\t\tLe SportBusinessNetworkDay r\u00e9unit de mani\u00e8re cibl\u00e9e le commerce sp\u00e9cialis\u00e9, les fournisseurs et les partenaires de la branche. Profitez de l&rsquo;occasion pour nouer de nouveaux contacts, approfondir les relations existantes et vous positionner activement dans le r\u00e9seau de la branche suisse des articles de sport. \t\t\t\t\t\t\t\t<\/div>\n\t\t\t\t<\/div>\n\t\t\t\t<div class=\"elementor-element elementor-element-8a28480 elementor-widget elementor-widget-text-editor\" data-id=\"8a28480\" data-element_type=\"widget\" data-e-type=\"widget\" data-widget_type=\"text-editor.default\">\n\t\t\t\t<div class=\"elementor-widget-container\">\n\t\t\t\t\t\t\t\t\t<p>L&rsquo;un des points forts de l&rsquo;\u00e9v\u00e9nement sera le d\u00e9bat exclusif avec <strong>Patrick Fischer<\/strong>. Quelques jours seulement apr\u00e8s les championnats du monde de hockey sur glace 2026 qui se d\u00e9rouleront \u00e0 domicile, il donnera un aper\u00e7u personnel de sa carri\u00e8re exceptionnelle et partagera ses exp\u00e9riences en tant qu&rsquo;entra\u00eeneur national le plus performant du hockey sur glace suisse. <\/p>\t\t\t\t\t\t\t\t<\/div>\n\t\t\t\t<\/div>\n\t\t\t\t<div class=\"elementor-element elementor-element-b839c2b elementor-widget elementor-widget-text-editor\" data-id=\"b839c2b\" data-element_type=\"widget\" data-e-type=\"widget\" data-widget_type=\"text-editor.default\">\n\t\t\t\t<div class=\"elementor-widget-container\">\n\t\t\t\t\t\t\t\t\t<p>L&rsquo;entretien avec <strong>Markus Wolf<\/strong> met en lumi\u00e8re les principaux facteurs de r\u00e9ussite, les approches manag\u00e9riales et les perspectives - avec de pr\u00e9cieuses impulsions qui vont bien au-del\u00e0 du sport.<\/p>\t\t\t\t\t\t\t\t<\/div>\n\t\t\t\t<\/div>\n\t\t\t\t\t<\/div>\n\t\t\t\t<\/div>\n\t\t<div class=\"elementor-element elementor-element-78e9efc e-grid elementor-hidden-desktop elementor-hidden-tablet elementor-hidden-mobile e-con-boxed e-con e-parent\" data-id=\"78e9efc\" data-element_type=\"container\" data-e-type=\"container\">\n\t\t\t\t\t<div class=\"e-con-inner\">\n\t\t\t\t<div class=\"elementor-element elementor-element-f5539be elementor-widget elementor-widget-image\" data-id=\"f5539be\" data-element_type=\"widget\" data-e-type=\"widget\" data-widget_type=\"image.default\">\n\t\t\t\t<div class=\"elementor-widget-container\">\n\t\t\t\t\t\t\t\t\t\t\t\t<figure class=\"wp-caption\">\n\t\t\t\t\t\t\t\t\t\t<img fetchpriority=\"high\" decoding=\"async\" width=\"800\" height=\"534\" src=\"https:\/\/sportbiz.ch\/wp-content\/uploads\/2026\/04\/Patrick-Fischer_1-1024x683.jpg\" class=\"attachment-large size-large wp-image-179549\" alt=\"\" srcset=\"https:\/\/sportbiz.ch\/wp-content\/uploads\/2026\/04\/Patrick-Fischer_1-1024x683.jpg 1024w, https:\/\/sportbiz.ch\/wp-content\/uploads\/2026\/04\/Patrick-Fischer_1-300x200.jpg 300w, https:\/\/sportbiz.ch\/wp-content\/uploads\/2026\/04\/Patrick-Fischer_1-768x512.jpg 768w, https:\/\/sportbiz.ch\/wp-content\/uploads\/2026\/04\/Patrick-Fischer_1-1536x1024.jpg 1536w, https:\/\/sportbiz.ch\/wp-content\/uploads\/2026\/04\/Patrick-Fischer_1-600x400.jpg 600w, https:\/\/sportbiz.ch\/wp-content\/uploads\/2026\/04\/Patrick-Fischer_1.jpg 1920w\" sizes=\"(max-width: 800px) 100vw, 800px\" \/>\t\t\t\t\t\t\t\t\t\t\t<figcaption class=\"widget-image-caption wp-caption-text\">Patrick Fischer, entra\u00eeneur de l'\u00e9quipe nationale suisse de hockey sur glace<\/figcaption>\n\t\t\t\t\t\t\t\t\t\t<\/figure>\n\t\t\t\t\t\t\t\t\t<\/div>\n\t\t\t\t<\/div>\n\t\t\t\t<div class=\"elementor-element elementor-element-a67d748 elementor-widget elementor-widget-image\" data-id=\"a67d748\" data-element_type=\"widget\" data-e-type=\"widget\" data-widget_type=\"image.default\">\n\t\t\t\t<div class=\"elementor-widget-container\">\n\t\t\t\t\t\t\t\t\t\t\t\t<figure class=\"wp-caption\">\n\t\t\t\t\t\t\t\t\t\t<img decoding=\"async\" width=\"800\" height=\"533\" src=\"https:\/\/sportbiz.ch\/wp-content\/uploads\/2022\/06\/Markus-Wolf-1-scaled.jpeg\" class=\"attachment-large size-large wp-image-179551\" alt=\"\" \/>\t\t\t\t\t\t\t\t\t\t\t<figcaption class=\"widget-image-caption wp-caption-text\">Markus Wolf, pr\u00e9sident de la SPAF<\/figcaption>\n\t\t\t\t\t\t\t\t\t\t<\/figure>\n\t\t\t\t\t\t\t\t\t<\/div>\n\t\t\t\t<\/div>\n\t\t\t\t\t<\/div>\n\t\t\t\t<\/div>\n\t\t<div class=\"elementor-element elementor-element-40dd6e1 e-flex e-con-boxed e-con e-parent\" data-id=\"40dd6e1\" data-element_type=\"container\" data-e-type=\"container\" data-settings=\"{&quot;background_background&quot;:&quot;classic&quot;}\">\n\t\t\t\t\t<div class=\"e-con-inner\">\n\t\t<div class=\"elementor-element elementor-element-45c970c e-con-full e-flex e-con e-child\" data-id=\"45c970c\" data-element_type=\"container\" data-e-type=\"container\">\n\t\t\t\t<div class=\"elementor-element elementor-element-5003db9 elementor-widget elementor-widget-image\" data-id=\"5003db9\" data-element_type=\"widget\" data-e-type=\"widget\" data-widget_type=\"image.default\">\n\t\t\t\t<div class=\"elementor-widget-container\">\n\t\t\t\t\t\t\t\t\t\t\t\t\t\t\t<img decoding=\"async\" src=\"https:\/\/sportbiz.ch\/wp-content\/uploads\/elementor\/thumbs\/Bruggmann_Peter_2505_1-1-r6dae2j0gmakjepqxcfyl7vnqtrypwy5013o284qvk.jpg\" title=\"Bruggmann_Peter_2505_1 (1)\" alt=\"Bruggmann_Peter_2505_1 (1)\" loading=\"lazy\" \/>\t\t\t\t\t\t\t\t\t\t\t\t\t\t\t<\/div>\n\t\t\t\t<\/div>\n\t\t\t\t<\/div>\n\t\t<div class=\"elementor-element elementor-element-da04efa e-con-full e-flex e-con e-child\" data-id=\"da04efa\" data-element_type=\"container\" data-e-type=\"container\">\n\t\t\t\t<div class=\"elementor-element elementor-element-10df8c0 elementor-blockquote--skin-quotation elementor-blockquote--align-center elementor-widget elementor-widget-blockquote\" data-id=\"10df8c0\" data-element_type=\"widget\" data-e-type=\"widget\" data-widget_type=\"blockquote.default\">\n\t\t\t\t<div class=\"elementor-widget-container\">\n\t\t\t\t\t\t\t<blockquote class=\"elementor-blockquote\">\n\t\t\t<p class=\"elementor-blockquote__content\">\n\t\t\t\tAvec le SportBusinessNetworkDay et l'assembl\u00e9e g\u00e9n\u00e9rale, l'ASMAS Commerce du sport en Suisse et la SPAF (Association suisse des fournisseurs d'articles de sport) cr\u00e9ent ensemble une plate-forme centrale d'\u00e9change, d'information et de mise en r\u00e9seau au sein du secteur suisse des articles de sport. Dans un environnement de march\u00e9 de plus en plus dynamique, le dialogue personnel entre le commerce sp\u00e9cialis\u00e9 et l'industrie continue de gagner en importance. \t\t\t<\/p>\n\t\t\t\t\t\t\t<div class=\"e-q-footer\">\n\t\t\t\t\t\t\t\t\t\t\t<cite class=\"elementor-blockquote__author\">Peter Bruggmann, Pr\u00e4sident ASMAS Sportfachhandel Schweiz<\/cite>\n\t\t\t\t\t\t\t\t\t\t\t\t\t\t<\/div>\n\t\t\t\t\t<\/blockquote>\n\t\t\t\t\t\t<\/div>\n\t\t\t\t<\/div>\n\t\t\t\t<\/div>\n\t\t\t\t\t<\/div>\n\t\t\t\t<\/div>\n\t\t<div class=\"elementor-element elementor-element-a518090 e-flex e-con-boxed e-con e-parent\" data-id=\"a518090\" data-element_type=\"container\" data-e-type=\"container\" data-settings=\"{&quot;background_background&quot;:&quot;classic&quot;}\">\n\t\t\t\t\t<div class=\"e-con-inner\">\n\t\t<div class=\"elementor-element elementor-element-21cf9ff e-con-full e-flex e-con e-child\" data-id=\"21cf9ff\" data-element_type=\"container\" data-e-type=\"container\">\n\t\t\t\t<div class=\"elementor-element elementor-element-8b6edfd elementor-widget elementor-widget-heading\" data-id=\"8b6edfd\" data-element_type=\"widget\" data-e-type=\"widget\" data-widget_type=\"heading.default\">\n\t\t\t\t<div class=\"elementor-widget-container\">\n\t\t\t\t\t<h2 class=\"elementor-heading-title elementor-size-default\">Pas encore membre ?<\/h2>\t\t\t\t<\/div>\n\t\t\t\t<\/div>\n\t\t\t\t<div class=\"elementor-element elementor-element-57d7542 elementor-widget elementor-widget-text-editor\" data-id=\"57d7542\" data-element_type=\"widget\" data-e-type=\"widget\" data-widget_type=\"text-editor.default\">\n\t\t\t\t<div class=\"elementor-widget-container\">\n\t\t\t\t\t\t\t\t\tL&rsquo;ASMAS met en r\u00e9seau les magasins de sport suisses et d\u00e9fend activement les int\u00e9r\u00eats de la branche. En savoir plus sur l&rsquo;association et les avantages d&rsquo;une adh\u00e9sion : \t\t\t\t\t\t\t\t<\/div>\n\t\t\t\t<\/div>\n\t\t\t\t<div class=\"elementor-element elementor-element-b261451 elementor-align-center elementor-widget elementor-widget-button\" data-id=\"b261451\" data-element_type=\"widget\" data-e-type=\"widget\" data-widget_type=\"button.default\">\n\t\t\t\t<div class=\"elementor-widget-container\">\n\t\t\t\t\t\t\t\t\t<div class=\"elementor-button-wrapper\">\n\t\t\t\t\t<a class=\"elementor-button elementor-button-link elementor-size-sm\" href=\"https:\/\/sportbiz.ch\/fr\/asmas\/a-propos-de-nous\/\">\n\t\t\t\t\t\t<span class=\"elementor-button-content-wrapper\">\n\t\t\t\t\t\t<span class=\"elementor-button-icon\">\n\t\t\t\t<svg aria-hidden=\"true\" class=\"e-font-icon-svg e-fas-chevron-circle-right\" viewBox=\"0 0 512 512\" xmlns=\"http:\/\/www.w3.org\/2000\/svg\"><path d=\"M256 8c137 0 248 111 248 248S393 504 256 504 8 393 8 256 119 8 256 8zm113.9 231L234.4 103.5c-9.4-9.4-24.6-9.4-33.9 0l-17 17c-9.4 9.4-9.4 24.6 0 33.9L285.1 256 183.5 357.6c-9.4 9.4-9.4 24.6 0 33.9l17 17c9.4 9.4 24.6 9.4 33.9 0L369.9 273c9.4-9.4 9.4-24.6 0-34z\"><\/path><\/svg>\t\t\t<\/span>\n\t\t\t\t\t\t\t\t\t<span class=\"elementor-button-text\">En savoir plus<\/span>\n\t\t\t\t\t<\/span>\n\t\t\t\t\t<\/a>\n\t\t\t\t<\/div>\n\t\t\t\t\t\t\t\t<\/div>\n\t\t\t\t<\/div>\n\t\t\t\t<\/div>\n\t\t\t\t\t<\/div>\n\t\t\t\t<\/div>\n\t\t\t\t<\/div>\n\t\t","protected":false},"excerpt":{"rendered":"<p>11e assembl\u00e9e des membres ASMAS | SportBusinessNetworkDay | Mardi 9 juin 2026 | Campus Sursee Vous avez re\u00e7u l&rsquo;invitation par courrier - vous trouverez ici toutes les informations ainsi que l&rsquo;inscription \u00e0 l&rsquo;\u00e9v\u00e9nement. Programme Les deux associations, l&rsquo;ASMAS et la SPAF, tiendront leurs assembl\u00e9es g\u00e9n\u00e9rales dans la matin\u00e9e. Nous nous retrouverons ensuite pour une conf\u00e9rence [&hellip;]<\/p>\n","protected":false},"author":8,"featured_media":0,"parent":0,"menu_order":0,"comment_status":"closed","ping_status":"closed","template":"","meta":{"_acf_changed":false,"footnotes":""},"class_list":["post-179546","page","type-page","status-publish","hentry"],"yoast_head":"<!-- This site is optimized with the Yoast SEO plugin v27.4 - https:\/\/yoast.com\/product\/yoast-seo-wordpress\/ -->\n<title>assembl\u00e9e des membres ASMAS 2026 - Sportbiz<\/title>\n<meta name=\"robots\" content=\"index, follow, max-snippet:-1, max-image-preview:large, max-video-preview:-1\" \/>\n<link rel=\"canonical\" href=\"https:\/\/sportbiz.ch\/fr\/assemblee-generale-2026\/\" \/>\n<meta property=\"og:locale\" content=\"fr_FR\" \/>\n<meta property=\"og:type\" content=\"article\" \/>\n<meta property=\"og:title\" content=\"assembl\u00e9e des membres ASMAS 2026 - Sportbiz\" \/>\n<meta property=\"og:description\" content=\"11e assembl\u00e9e des membres ASMAS | SportBusinessNetworkDay | Mardi 9 juin 2026 | Campus Sursee Vous avez re\u00e7u l&rsquo;invitation par courrier - vous trouverez ici toutes les informations ainsi que l&rsquo;inscription \u00e0 l&rsquo;\u00e9v\u00e9nement. Programme Les deux associations, l&rsquo;ASMAS et la SPAF, tiendront leurs assembl\u00e9es g\u00e9n\u00e9rales dans la matin\u00e9e. Nous nous retrouverons ensuite pour une conf\u00e9rence [&hellip;]\" \/>\n<meta property=\"og:url\" content=\"https:\/\/sportbiz.ch\/fr\/assemblee-generale-2026\/\" \/>\n<meta property=\"og:site_name\" content=\"Sportbiz\" \/>\n<meta property=\"article:publisher\" content=\"https:\/\/www.facebook.com\/sportbizbyasmas\" \/>\n<meta property=\"article:modified_time\" content=\"2026-04-24T07:48:06+00:00\" \/>\n<meta property=\"og:image\" content=\"https:\/\/sportbiz.ch\/wp-content\/uploads\/2026\/04\/Patrick-Fischer_1.jpg\" \/>\n\t<meta property=\"og:image:width\" content=\"1920\" \/>\n\t<meta property=\"og:image:height\" content=\"1280\" \/>\n\t<meta property=\"og:image:type\" content=\"image\/jpeg\" \/>\n<meta name=\"twitter:card\" content=\"summary_large_image\" \/>\n<meta name=\"twitter:label1\" content=\"Dur\u00e9e de lecture estim\u00e9e\" \/>\n\t<meta name=\"twitter:data1\" content=\"3 minutes\" \/>\n<script type=\"application\/ld+json\" class=\"yoast-schema-graph\">{\"@context\":\"https:\\\/\\\/schema.org\",\"@graph\":[{\"@type\":\"WebPage\",\"@id\":\"https:\\\/\\\/sportbiz.ch\\\/fr\\\/assemblee-generale-2026\\\/\",\"url\":\"https:\\\/\\\/sportbiz.ch\\\/fr\\\/assemblee-generale-2026\\\/\",\"name\":\"assembl\u00e9e des membres ASMAS 2026 - Sportbiz\",\"isPartOf\":{\"@id\":\"https:\\\/\\\/sportbiz.ch\\\/fr\\\/#website\"},\"primaryImageOfPage\":{\"@id\":\"https:\\\/\\\/sportbiz.ch\\\/fr\\\/assemblee-generale-2026\\\/#primaryimage\"},\"image\":{\"@id\":\"https:\\\/\\\/sportbiz.ch\\\/fr\\\/assemblee-generale-2026\\\/#primaryimage\"},\"thumbnailUrl\":\"https:\\\/\\\/sportbiz.ch\\\/wp-content\\\/uploads\\\/2026\\\/04\\\/Patrick-Fischer_1-1024x683.jpg\",\"datePublished\":\"2026-03-30T12:30:22+00:00\",\"dateModified\":\"2026-04-24T07:48:06+00:00\",\"breadcrumb\":{\"@id\":\"https:\\\/\\\/sportbiz.ch\\\/fr\\\/assemblee-generale-2026\\\/#breadcrumb\"},\"inLanguage\":\"fr-FR\",\"potentialAction\":[{\"@type\":\"ReadAction\",\"target\":[\"https:\\\/\\\/sportbiz.ch\\\/fr\\\/assemblee-generale-2026\\\/\"]}]},{\"@type\":\"ImageObject\",\"inLanguage\":\"fr-FR\",\"@id\":\"https:\\\/\\\/sportbiz.ch\\\/fr\\\/assemblee-generale-2026\\\/#primaryimage\",\"url\":\"https:\\\/\\\/sportbiz.ch\\\/wp-content\\\/uploads\\\/2026\\\/04\\\/Patrick-Fischer_1-1024x683.jpg\",\"contentUrl\":\"https:\\\/\\\/sportbiz.ch\\\/wp-content\\\/uploads\\\/2026\\\/04\\\/Patrick-Fischer_1-1024x683.jpg\"},{\"@type\":\"BreadcrumbList\",\"@id\":\"https:\\\/\\\/sportbiz.ch\\\/fr\\\/assemblee-generale-2026\\\/#breadcrumb\",\"itemListElement\":[{\"@type\":\"ListItem\",\"position\":1,\"name\":\"Home\",\"item\":\"https:\\\/\\\/sportbiz.ch\\\/fr\\\/page-daccueil\\\/\"},{\"@type\":\"ListItem\",\"position\":2,\"name\":\"assembl\u00e9e des membres ASMAS 2026\"}]},{\"@type\":\"WebSite\",\"@id\":\"https:\\\/\\\/sportbiz.ch\\\/fr\\\/#website\",\"url\":\"https:\\\/\\\/sportbiz.ch\\\/fr\\\/\",\"name\":\"Sportbiz\",\"description\":\"Schweizer Sportartikelbranche Online: ASMAS Verband Schweizer Sportfachhandel, \u00abSpaf\u00bb Verband Schweiz. Sportartikel-Lieferanten\",\"publisher\":{\"@id\":\"https:\\\/\\\/sportbiz.ch\\\/fr\\\/#organization\"},\"potentialAction\":[{\"@type\":\"SearchAction\",\"target\":{\"@type\":\"EntryPoint\",\"urlTemplate\":\"https:\\\/\\\/sportbiz.ch\\\/fr\\\/?s={search_term_string}\"},\"query-input\":{\"@type\":\"PropertyValueSpecification\",\"valueRequired\":true,\"valueName\":\"search_term_string\"}}],\"inLanguage\":\"fr-FR\"},{\"@type\":\"Organization\",\"@id\":\"https:\\\/\\\/sportbiz.ch\\\/fr\\\/#organization\",\"name\":\"ASMAS Sportfachhandel Schweiz\",\"url\":\"https:\\\/\\\/sportbiz.ch\\\/fr\\\/\",\"logo\":{\"@type\":\"ImageObject\",\"inLanguage\":\"fr-FR\",\"@id\":\"https:\\\/\\\/sportbiz.ch\\\/fr\\\/#\\\/schema\\\/logo\\\/image\\\/\",\"url\":\"https:\\\/\\\/sportbiz.ch\\\/wp-content\\\/uploads\\\/2023\\\/02\\\/sportbiz_Logo_72dpi.jpg\",\"contentUrl\":\"https:\\\/\\\/sportbiz.ch\\\/wp-content\\\/uploads\\\/2023\\\/02\\\/sportbiz_Logo_72dpi.jpg\",\"width\":520,\"height\":204,\"caption\":\"ASMAS Sportfachhandel Schweiz\"},\"image\":{\"@id\":\"https:\\\/\\\/sportbiz.ch\\\/fr\\\/#\\\/schema\\\/logo\\\/image\\\/\"},\"sameAs\":[\"https:\\\/\\\/www.facebook.com\\\/sportbizbyasmas\",\"https:\\\/\\\/www.linkedin.com\\\/company\\\/sportbizbyasmas\\\/\",\"https:\\\/\\\/www.instagram.com\\\/sportbiz.ch_by_asmas\\\/\",\"https:\\\/\\\/www.youtube.com\\\/channel\\\/UC_WL3nmvFlpl_sUNQofksqQ\"]}]}<\/script>\n<!-- \/ Yoast SEO plugin. -->","yoast_head_json":{"title":"assembl\u00e9e des membres ASMAS 2026 - Sportbiz","robots":{"index":"index","follow":"follow","max-snippet":"max-snippet:-1","max-image-preview":"max-image-preview:large","max-video-preview":"max-video-preview:-1"},"canonical":"https:\/\/sportbiz.ch\/fr\/assemblee-generale-2026\/","og_locale":"fr_FR","og_type":"article","og_title":"assembl\u00e9e des membres ASMAS 2026 - Sportbiz","og_description":"11e assembl\u00e9e des membres ASMAS | SportBusinessNetworkDay | Mardi 9 juin 2026 | Campus Sursee Vous avez re\u00e7u l&rsquo;invitation par courrier - vous trouverez ici toutes les informations ainsi que l&rsquo;inscription \u00e0 l&rsquo;\u00e9v\u00e9nement. Programme Les deux associations, l&rsquo;ASMAS et la SPAF, tiendront leurs assembl\u00e9es g\u00e9n\u00e9rales dans la matin\u00e9e. Nous nous retrouverons ensuite pour une conf\u00e9rence [&hellip;]","og_url":"https:\/\/sportbiz.ch\/fr\/assemblee-generale-2026\/","og_site_name":"Sportbiz","article_publisher":"https:\/\/www.facebook.com\/sportbizbyasmas","article_modified_time":"2026-04-24T07:48:06+00:00","og_image":[{"width":1920,"height":1280,"url":"https:\/\/sportbiz.ch\/wp-content\/uploads\/2026\/04\/Patrick-Fischer_1.jpg","type":"image\/jpeg"}],"twitter_card":"summary_large_image","twitter_misc":{"Dur\u00e9e de lecture estim\u00e9e":"3 minutes"},"schema":{"@context":"https:\/\/schema.org","@graph":[{"@type":"WebPage","@id":"https:\/\/sportbiz.ch\/fr\/assemblee-generale-2026\/","url":"https:\/\/sportbiz.ch\/fr\/assemblee-generale-2026\/","name":"assembl\u00e9e des membres ASMAS 2026 - Sportbiz","isPartOf":{"@id":"https:\/\/sportbiz.ch\/fr\/#website"},"primaryImageOfPage":{"@id":"https:\/\/sportbiz.ch\/fr\/assemblee-generale-2026\/#primaryimage"},"image":{"@id":"https:\/\/sportbiz.ch\/fr\/assemblee-generale-2026\/#primaryimage"},"thumbnailUrl":"https:\/\/sportbiz.ch\/wp-content\/uploads\/2026\/04\/Patrick-Fischer_1-1024x683.jpg","datePublished":"2026-03-30T12:30:22+00:00","dateModified":"2026-04-24T07:48:06+00:00","breadcrumb":{"@id":"https:\/\/sportbiz.ch\/fr\/assemblee-generale-2026\/#breadcrumb"},"inLanguage":"fr-FR","potentialAction":[{"@type":"ReadAction","target":["https:\/\/sportbiz.ch\/fr\/assemblee-generale-2026\/"]}]},{"@type":"ImageObject","inLanguage":"fr-FR","@id":"https:\/\/sportbiz.ch\/fr\/assemblee-generale-2026\/#primaryimage","url":"https:\/\/sportbiz.ch\/wp-content\/uploads\/2026\/04\/Patrick-Fischer_1-1024x683.jpg","contentUrl":"https:\/\/sportbiz.ch\/wp-content\/uploads\/2026\/04\/Patrick-Fischer_1-1024x683.jpg"},{"@type":"BreadcrumbList","@id":"https:\/\/sportbiz.ch\/fr\/assemblee-generale-2026\/#breadcrumb","itemListElement":[{"@type":"ListItem","position":1,"name":"Home","item":"https:\/\/sportbiz.ch\/fr\/page-daccueil\/"},{"@type":"ListItem","position":2,"name":"assembl\u00e9e des membres ASMAS 2026"}]},{"@type":"WebSite","@id":"https:\/\/sportbiz.ch\/fr\/#website","url":"https:\/\/sportbiz.ch\/fr\/","name":"Sportbiz","description":"Schweizer Sportartikelbranche Online: ASMAS Verband Schweizer Sportfachhandel, \u00abSpaf\u00bb Verband Schweiz. Sportartikel-Lieferanten","publisher":{"@id":"https:\/\/sportbiz.ch\/fr\/#organization"},"potentialAction":[{"@type":"SearchAction","target":{"@type":"EntryPoint","urlTemplate":"https:\/\/sportbiz.ch\/fr\/?s={search_term_string}"},"query-input":{"@type":"PropertyValueSpecification","valueRequired":true,"valueName":"search_term_string"}}],"inLanguage":"fr-FR"},{"@type":"Organization","@id":"https:\/\/sportbiz.ch\/fr\/#organization","name":"ASMAS Sportfachhandel Schweiz","url":"https:\/\/sportbiz.ch\/fr\/","logo":{"@type":"ImageObject","inLanguage":"fr-FR","@id":"https:\/\/sportbiz.ch\/fr\/#\/schema\/logo\/image\/","url":"https:\/\/sportbiz.ch\/wp-content\/uploads\/2023\/02\/sportbiz_Logo_72dpi.jpg","contentUrl":"https:\/\/sportbiz.ch\/wp-content\/uploads\/2023\/02\/sportbiz_Logo_72dpi.jpg","width":520,"height":204,"caption":"ASMAS Sportfachhandel Schweiz"},"image":{"@id":"https:\/\/sportbiz.ch\/fr\/#\/schema\/logo\/image\/"},"sameAs":["https:\/\/www.facebook.com\/sportbizbyasmas","https:\/\/www.linkedin.com\/company\/sportbizbyasmas\/","https:\/\/www.instagram.com\/sportbiz.ch_by_asmas\/","https:\/\/www.youtube.com\/channel\/UC_WL3nmvFlpl_sUNQofksqQ"]}]}},"_links":{"self":[{"href":"https:\/\/sportbiz.ch\/fr\/wp-json\/wp\/v2\/pages\/179546","targetHints":{"allow":["GET"]}}],"collection":[{"href":"https:\/\/sportbiz.ch\/fr\/wp-json\/wp\/v2\/pages"}],"about":[{"href":"https:\/\/sportbiz.ch\/fr\/wp-json\/wp\/v2\/types\/page"}],"author":[{"embeddable":true,"href":"https:\/\/sportbiz.ch\/fr\/wp-json\/wp\/v2\/users\/8"}],"replies":[{"embeddable":true,"href":"https:\/\/sportbiz.ch\/fr\/wp-json\/wp\/v2\/comments?post=179546"}],"version-history":[{"count":12,"href":"https:\/\/sportbiz.ch\/fr\/wp-json\/wp\/v2\/pages\/179546\/revisions"}],"predecessor-version":[{"id":187845,"href":"https:\/\/sportbiz.ch\/fr\/wp-json\/wp\/v2\/pages\/179546\/revisions\/187845"}],"wp:attachment":[{"href":"https:\/\/sportbiz.ch\/fr\/wp-json\/wp\/v2\/media?parent=179546"}],"curies":[{"name":"wp","href":"https:\/\/api.w.org\/{rel}","templated":true}]}}