{"id":195370,"date":"2026-09-01T00:00:48","date_gmt":"2026-08-31T22:00:48","guid":{"rendered":"https:\/\/sportbiz.ch\/events\/webinaire-pour-les-formateurs-professionnels_08-03-2027\/"},"modified":"2026-08-31T11:55:18","modified_gmt":"2026-08-31T09:55:18","slug":"webinaire-pour-les-formateurs-professionnels_08-03-2027","status":"publish","type":"events","link":"https:\/\/sportbiz.ch\/fr\/events\/webinaire-pour-les-formateurs-professionnels_08-03-2027\/","title":{"rendered":"Webinaire pour les formateurs professionnels_08.03.2027"},"content":{"rendered":"<p><strong>Contenu du cours  <\/strong><\/p>\n<p>Le webinaire aide les formateurs professionnels \u00e0 se familiariser avec le nouvel examen pratique de vente 2022+ et \u00e0 pr\u00e9parer sp\u00e9cifiquement leurs stagiaires \u00e0 la proc\u00e9dure de qualification pratique (QV) dans le secteur des articles de sport.<\/p>\n<ul>\n<li>Composition du QV pratique<\/li>\n<li>Explication et pond\u00e9ration des crit\u00e8res d&rsquo;\u00e9valuation<\/li>\n<li>Points cl\u00e9s : \u00c0 quoi faut-il accorder une attention particuli\u00e8re lors de la pr\u00e9paration ?<\/li>\n<li>Possibilit\u00e9 de poser des questions sur le QV pratique<\/li>\n<\/ul>\n<p><strong>Date et heure<\/strong><\/p>\n<p>Deux dates au choix \u2013 le contenu du cours est identique&nbsp;:<\/p>\n<ul>\n<li>Mercredi 13 janvier 2027, de 8h00 \u00e0 9h30, en ligne<\/li>\n<li>Lundi 8 mars 2027, de 19h00 \u00e0 20h30, en ligne<\/li>\n<\/ul>\n<p><strong>Co\u00fbts et participation  <\/strong><\/p>\n<ul>\n<li>Membres de l&rsquo;ASMAS : Fr. 70.00<\/li>\n<li>Non-membres : Fr. 90.00<\/li>\n<\/ul>\n<p><strong>Conf\u00e9renci\u00e8re<\/strong><\/p>\n<ul>\n<li>Priska Nyffenegger, Master Trainer (formatrice des experts de la branche des articles de sport) et experte en chef de la r\u00e9gion Suisse orientale<\/li>\n<\/ul>\n<p><strong>Approuv\u00e9<\/strong><\/p>\n<ul>\n<li>Ce webinaire s&rsquo;adresse aux formateurs professionnels impliqu\u00e9s dans la formation des apprentis.<\/li>\n<li><strong>Ce webinaire n&rsquo;est pas destin\u00e9 aux apprenants.<\/strong><\/li>\n<\/ul>\n","protected":false},"featured_media":179449,"template":"","meta":{"_acf_changed":false},"event_category":[130],"class_list":["post-195370","events","type-events","status-publish","has-post-thumbnail","hentry","event_category-formation-continue"],"yoast_head":"<!-- This site is optimized with the Yoast SEO plugin v28.3 - https:\/\/yoast.com\/product\/yoast-seo-wordpress\/ -->\n<title>Webinaire pour les formateurs professionnels_08.03.2027 - Sportbiz<\/title>\n<meta name=\"robots\" content=\"index, follow, max-snippet:-1, max-image-preview:large, max-video-preview:-1\" \/>\n<link rel=\"canonical\" href=\"https:\/\/sportbiz.ch\/fr\/events\/webinaire-pour-les-formateurs-professionnels_08-03-2027\/\" \/>\n<meta property=\"og:locale\" content=\"fr_FR\" \/>\n<meta property=\"og:type\" content=\"article\" \/>\n<meta property=\"og:title\" content=\"Webinaire pour les formateurs professionnels_08.03.2027 - Sportbiz\" \/>\n<meta property=\"og:description\" content=\"Contenu du cours Le webinaire aide les formateurs professionnels \u00e0 se familiariser avec le nouvel examen pratique de vente 2022+ et \u00e0 pr\u00e9parer sp\u00e9cifiquement leurs stagiaires \u00e0 la proc\u00e9dure de qualification pratique (QV) dans le secteur des articles de sport. Composition du QV pratique Explication et pond\u00e9ration des crit\u00e8res d&rsquo;\u00e9valuation Points cl\u00e9s : \u00c0 quoi [&hellip;]\" \/>\n<meta property=\"og:url\" content=\"https:\/\/sportbiz.ch\/fr\/events\/webinaire-pour-les-formateurs-professionnels_08-03-2027\/\" \/>\n<meta property=\"og:site_name\" content=\"Sportbiz\" \/>\n<meta property=\"article:publisher\" content=\"https:\/\/www.facebook.com\/sportbizbyasmas\" \/>\n<meta property=\"og:image\" content=\"https:\/\/sportbiz.ch\/wp-content\/uploads\/2025\/11\/sportbiz_berufsbildnerkurs-2026-1-scaled.jpg\" \/>\n\t<meta property=\"og:image:width\" content=\"7500\" \/>\n\t<meta property=\"og:image:height\" content=\"5000\" \/>\n\t<meta property=\"og:image:type\" content=\"image\/jpeg\" \/>\n<meta name=\"twitter:card\" content=\"summary_large_image\" \/>\n<meta name=\"twitter:label1\" content=\"Dur\u00e9e de lecture estim\u00e9e\" \/>\n\t<meta name=\"twitter:data1\" content=\"1 minute\" \/>\n<script type=\"application\/ld+json\" class=\"yoast-schema-graph\">{\"@context\":\"https:\\\/\\\/schema.org\",\"@graph\":[{\"@type\":\"WebPage\",\"@id\":\"https:\\\/\\\/sportbiz.ch\\\/fr\\\/events\\\/webinaire-pour-les-formateurs-professionnels_08-03-2027\\\/\",\"url\":\"https:\\\/\\\/sportbiz.ch\\\/fr\\\/events\\\/webinaire-pour-les-formateurs-professionnels_08-03-2027\\\/\",\"name\":\"Webinaire pour les formateurs professionnels_08.03.2027 - Sportbiz\",\"isPartOf\":{\"@id\":\"https:\\\/\\\/sportbiz.ch\\\/fr\\\/#website\"},\"primaryImageOfPage\":{\"@id\":\"https:\\\/\\\/sportbiz.ch\\\/fr\\\/events\\\/webinaire-pour-les-formateurs-professionnels_08-03-2027\\\/#primaryimage\"},\"image\":{\"@id\":\"https:\\\/\\\/sportbiz.ch\\\/fr\\\/events\\\/webinaire-pour-les-formateurs-professionnels_08-03-2027\\\/#primaryimage\"},\"thumbnailUrl\":\"https:\\\/\\\/sportbiz.ch\\\/wp-content\\\/uploads\\\/2025\\\/11\\\/sportbiz_berufsbildnerkurs-2026-1-scaled.jpg\",\"datePublished\":\"2026-08-31T22:00:48+00:00\",\"breadcrumb\":{\"@id\":\"https:\\\/\\\/sportbiz.ch\\\/fr\\\/events\\\/webinaire-pour-les-formateurs-professionnels_08-03-2027\\\/#breadcrumb\"},\"inLanguage\":\"fr-FR\",\"potentialAction\":[{\"@type\":\"ReadAction\",\"target\":[\"https:\\\/\\\/sportbiz.ch\\\/fr\\\/events\\\/webinaire-pour-les-formateurs-professionnels_08-03-2027\\\/\"]}]},{\"@type\":\"ImageObject\",\"inLanguage\":\"fr-FR\",\"@id\":\"https:\\\/\\\/sportbiz.ch\\\/fr\\\/events\\\/webinaire-pour-les-formateurs-professionnels_08-03-2027\\\/#primaryimage\",\"url\":\"https:\\\/\\\/sportbiz.ch\\\/wp-content\\\/uploads\\\/2025\\\/11\\\/sportbiz_berufsbildnerkurs-2026-1-scaled.jpg\",\"contentUrl\":\"https:\\\/\\\/sportbiz.ch\\\/wp-content\\\/uploads\\\/2025\\\/11\\\/sportbiz_berufsbildnerkurs-2026-1-scaled.jpg\",\"width\":7500,\"height\":5000,\"caption\":\"sportbiz_Cours de formation professionnelle-2026\"},{\"@type\":\"BreadcrumbList\",\"@id\":\"https:\\\/\\\/sportbiz.ch\\\/fr\\\/events\\\/webinaire-pour-les-formateurs-professionnels_08-03-2027\\\/#breadcrumb\",\"itemListElement\":[{\"@type\":\"ListItem\",\"position\":1,\"name\":\"Home\",\"item\":\"https:\\\/\\\/sportbiz.ch\\\/fr\\\/page-daccueil\\\/\"},{\"@type\":\"ListItem\",\"position\":2,\"name\":\"Events\",\"item\":\"https:\\\/\\\/sportbiz.ch\\\/fr\\\/events\\\/\"},{\"@type\":\"ListItem\",\"position\":3,\"name\":\"Webinaire pour les formateurs professionnels_08.03.2027\"}]},{\"@type\":\"WebSite\",\"@id\":\"https:\\\/\\\/sportbiz.ch\\\/fr\\\/#website\",\"url\":\"https:\\\/\\\/sportbiz.ch\\\/fr\\\/\",\"name\":\"Sportbiz\",\"description\":\"Schweizer Sportartikelbranche Online: ASMAS Verband Schweizer Sportfachhandel, \u00abSpaf\u00bb Verband Schweiz. Sportartikel-Lieferanten\",\"publisher\":{\"@id\":\"https:\\\/\\\/sportbiz.ch\\\/fr\\\/#organization\"},\"potentialAction\":[{\"@type\":\"SearchAction\",\"target\":{\"@type\":\"EntryPoint\",\"urlTemplate\":\"https:\\\/\\\/sportbiz.ch\\\/fr\\\/?s={search_term_string}\"},\"query-input\":{\"@type\":\"PropertyValueSpecification\",\"valueRequired\":true,\"valueName\":\"search_term_string\"}}],\"inLanguage\":\"fr-FR\"},{\"@type\":\"Organization\",\"@id\":\"https:\\\/\\\/sportbiz.ch\\\/fr\\\/#organization\",\"name\":\"ASMAS Sportfachhandel Schweiz\",\"url\":\"https:\\\/\\\/sportbiz.ch\\\/fr\\\/\",\"logo\":{\"@type\":\"ImageObject\",\"inLanguage\":\"fr-FR\",\"@id\":\"https:\\\/\\\/sportbiz.ch\\\/fr\\\/#\\\/schema\\\/logo\\\/image\\\/\",\"url\":\"https:\\\/\\\/sportbiz.ch\\\/wp-content\\\/uploads\\\/2023\\\/02\\\/sportbiz_Logo_72dpi.jpg\",\"contentUrl\":\"https:\\\/\\\/sportbiz.ch\\\/wp-content\\\/uploads\\\/2023\\\/02\\\/sportbiz_Logo_72dpi.jpg\",\"width\":520,\"height\":204,\"caption\":\"ASMAS Sportfachhandel Schweiz\"},\"image\":{\"@id\":\"https:\\\/\\\/sportbiz.ch\\\/fr\\\/#\\\/schema\\\/logo\\\/image\\\/\"},\"sameAs\":[\"https:\\\/\\\/www.facebook.com\\\/sportbizbyasmas\",\"https:\\\/\\\/www.linkedin.com\\\/company\\\/sportbizbyasmas\\\/\",\"https:\\\/\\\/www.instagram.com\\\/sportbiz.ch_by_asmas\\\/\",\"https:\\\/\\\/www.youtube.com\\\/channel\\\/UC_WL3nmvFlpl_sUNQofksqQ\"]}]}<\/script>\n<!-- \/ Yoast SEO plugin. -->","yoast_head_json":{"title":"Webinaire pour les formateurs professionnels_08.03.2027 - Sportbiz","robots":{"index":"index","follow":"follow","max-snippet":"max-snippet:-1","max-image-preview":"max-image-preview:large","max-video-preview":"max-video-preview:-1"},"canonical":"https:\/\/sportbiz.ch\/fr\/events\/webinaire-pour-les-formateurs-professionnels_08-03-2027\/","og_locale":"fr_FR","og_type":"article","og_title":"Webinaire pour les formateurs professionnels_08.03.2027 - Sportbiz","og_description":"Contenu du cours Le webinaire aide les formateurs professionnels \u00e0 se familiariser avec le nouvel examen pratique de vente 2022+ et \u00e0 pr\u00e9parer sp\u00e9cifiquement leurs stagiaires \u00e0 la proc\u00e9dure de qualification pratique (QV) dans le secteur des articles de sport. Composition du QV pratique Explication et pond\u00e9ration des crit\u00e8res d&rsquo;\u00e9valuation Points cl\u00e9s : \u00c0 quoi [&hellip;]","og_url":"https:\/\/sportbiz.ch\/fr\/events\/webinaire-pour-les-formateurs-professionnels_08-03-2027\/","og_site_name":"Sportbiz","article_publisher":"https:\/\/www.facebook.com\/sportbizbyasmas","og_image":[{"width":7500,"height":5000,"url":"https:\/\/sportbiz.ch\/wp-content\/uploads\/2025\/11\/sportbiz_berufsbildnerkurs-2026-1-scaled.jpg","type":"image\/jpeg"}],"twitter_card":"summary_large_image","twitter_misc":{"Dur\u00e9e de lecture estim\u00e9e":"1 minute"},"schema":{"@context":"https:\/\/schema.org","@graph":[{"@type":"WebPage","@id":"https:\/\/sportbiz.ch\/fr\/events\/webinaire-pour-les-formateurs-professionnels_08-03-2027\/","url":"https:\/\/sportbiz.ch\/fr\/events\/webinaire-pour-les-formateurs-professionnels_08-03-2027\/","name":"Webinaire pour les formateurs professionnels_08.03.2027 - Sportbiz","isPartOf":{"@id":"https:\/\/sportbiz.ch\/fr\/#website"},"primaryImageOfPage":{"@id":"https:\/\/sportbiz.ch\/fr\/events\/webinaire-pour-les-formateurs-professionnels_08-03-2027\/#primaryimage"},"image":{"@id":"https:\/\/sportbiz.ch\/fr\/events\/webinaire-pour-les-formateurs-professionnels_08-03-2027\/#primaryimage"},"thumbnailUrl":"https:\/\/sportbiz.ch\/wp-content\/uploads\/2025\/11\/sportbiz_berufsbildnerkurs-2026-1-scaled.jpg","datePublished":"2026-08-31T22:00:48+00:00","breadcrumb":{"@id":"https:\/\/sportbiz.ch\/fr\/events\/webinaire-pour-les-formateurs-professionnels_08-03-2027\/#breadcrumb"},"inLanguage":"fr-FR","potentialAction":[{"@type":"ReadAction","target":["https:\/\/sportbiz.ch\/fr\/events\/webinaire-pour-les-formateurs-professionnels_08-03-2027\/"]}]},{"@type":"ImageObject","inLanguage":"fr-FR","@id":"https:\/\/sportbiz.ch\/fr\/events\/webinaire-pour-les-formateurs-professionnels_08-03-2027\/#primaryimage","url":"https:\/\/sportbiz.ch\/wp-content\/uploads\/2025\/11\/sportbiz_berufsbildnerkurs-2026-1-scaled.jpg","contentUrl":"https:\/\/sportbiz.ch\/wp-content\/uploads\/2025\/11\/sportbiz_berufsbildnerkurs-2026-1-scaled.jpg","width":7500,"height":5000,"caption":"sportbiz_Cours de formation professionnelle-2026"},{"@type":"BreadcrumbList","@id":"https:\/\/sportbiz.ch\/fr\/events\/webinaire-pour-les-formateurs-professionnels_08-03-2027\/#breadcrumb","itemListElement":[{"@type":"ListItem","position":1,"name":"Home","item":"https:\/\/sportbiz.ch\/fr\/page-daccueil\/"},{"@type":"ListItem","position":2,"name":"Events","item":"https:\/\/sportbiz.ch\/fr\/events\/"},{"@type":"ListItem","position":3,"name":"Webinaire pour les formateurs professionnels_08.03.2027"}]},{"@type":"WebSite","@id":"https:\/\/sportbiz.ch\/fr\/#website","url":"https:\/\/sportbiz.ch\/fr\/","name":"Sportbiz","description":"Schweizer Sportartikelbranche Online: ASMAS Verband Schweizer Sportfachhandel, \u00abSpaf\u00bb Verband Schweiz. Sportartikel-Lieferanten","publisher":{"@id":"https:\/\/sportbiz.ch\/fr\/#organization"},"potentialAction":[{"@type":"SearchAction","target":{"@type":"EntryPoint","urlTemplate":"https:\/\/sportbiz.ch\/fr\/?s={search_term_string}"},"query-input":{"@type":"PropertyValueSpecification","valueRequired":true,"valueName":"search_term_string"}}],"inLanguage":"fr-FR"},{"@type":"Organization","@id":"https:\/\/sportbiz.ch\/fr\/#organization","name":"ASMAS Sportfachhandel Schweiz","url":"https:\/\/sportbiz.ch\/fr\/","logo":{"@type":"ImageObject","inLanguage":"fr-FR","@id":"https:\/\/sportbiz.ch\/fr\/#\/schema\/logo\/image\/","url":"https:\/\/sportbiz.ch\/wp-content\/uploads\/2023\/02\/sportbiz_Logo_72dpi.jpg","contentUrl":"https:\/\/sportbiz.ch\/wp-content\/uploads\/2023\/02\/sportbiz_Logo_72dpi.jpg","width":520,"height":204,"caption":"ASMAS Sportfachhandel Schweiz"},"image":{"@id":"https:\/\/sportbiz.ch\/fr\/#\/schema\/logo\/image\/"},"sameAs":["https:\/\/www.facebook.com\/sportbizbyasmas","https:\/\/www.linkedin.com\/company\/sportbizbyasmas\/","https:\/\/www.instagram.com\/sportbiz.ch_by_asmas\/","https:\/\/www.youtube.com\/channel\/UC_WL3nmvFlpl_sUNQofksqQ"]}]}},"_links":{"self":[{"href":"https:\/\/sportbiz.ch\/fr\/wp-json\/wp\/v2\/events\/195370","targetHints":{"allow":["GET"]}}],"collection":[{"href":"https:\/\/sportbiz.ch\/fr\/wp-json\/wp\/v2\/events"}],"about":[{"href":"https:\/\/sportbiz.ch\/fr\/wp-json\/wp\/v2\/types\/events"}],"wp:featuredmedia":[{"embeddable":true,"href":"https:\/\/sportbiz.ch\/fr\/wp-json\/wp\/v2\/media\/179449"}],"wp:attachment":[{"href":"https:\/\/sportbiz.ch\/fr\/wp-json\/wp\/v2\/media?parent=195370"}],"wp:term":[{"taxonomy":"event_category","embeddable":true,"href":"https:\/\/sportbiz.ch\/fr\/wp-json\/wp\/v2\/event_category?post=195370"}],"curies":[{"name":"wp","href":"https:\/\/api.w.org\/{rel}","templated":true}]}}