{"id":195273,"date":"2026-08-26T12:24:38","date_gmt":"2026-08-26T10:24:38","guid":{"rendered":"https:\/\/sportbiz.ch\/events\/academie-du-commerce-de-detail-cours-dintroduction-pour-les-employes-dateliers-de-reparation-de-velos-2\/"},"modified":"2026-08-27T14:01:08","modified_gmt":"2026-08-27T12:01:08","slug":"academie-du-commerce-de-detail-cours-dintroduction-pour-les-employes-dateliers-de-reparation-de-velos-2","status":"publish","type":"events","link":"https:\/\/sportbiz.ch\/fr\/events\/academie-du-commerce-de-detail-cours-dintroduction-pour-les-employes-dateliers-de-reparation-de-velos-2\/","title":{"rendered":"Acad\u00e9mie du commerce de d\u00e9tail : Cours d&rsquo;introduction pour les employ\u00e9s d&rsquo;ateliers de r\u00e9paration de v\u00e9los_11-2026"},"content":{"rendered":"<p>Ce cours constitue une porte d&rsquo;entr\u00e9e vers le m\u00e9tier de m\u00e9canicien de v\u00e9lo professionnel et s&rsquo;adresse aux entreprises souhaitant former ou perfectionner leurs employ\u00e9s ne poss\u00e9dant pas de formation initiale en m\u00e9canique v\u00e9lo. Forts de ces bases, les participants peuvent suivre des cours avanc\u00e9s ou obtenir un second apprentissage reconnu au niveau f\u00e9d\u00e9ral pour devenir m\u00e9canicien de v\u00e9lo certifi\u00e9 (EFZ). <\/p>\n<p>Cette formation d&rsquo;une semaine est une initiative du groupe suisse Primebike (SPG) et de Bike Profi Schweiz visant \u00e0 pallier la p\u00e9nurie chronique de personnel dans les ateliers de r\u00e9paration de v\u00e9los. En offrant aux personnes en reconversion professionnelle une solide formation technique de base, elle leur permet d&rsquo;effectuer rapidement et de mani\u00e8re autonome des t\u00e2ches simples, all\u00e9geant ainsi la charge de travail des ateliers professionnels. <\/p>\n<p><strong>Contenu du cours<\/strong><br \/>\n Le cours d&rsquo;introduction enseigne les bases de la technologie du v\u00e9lo et les processus de travail dans un atelier de r\u00e9paration de v\u00e9los professionnel, tels que&nbsp;:<\/p>\n<ul>\n<li>Contr\u00f4le de r\u00e9ception, de d\u00e9faut et d&rsquo;usure des v\u00e9los et v\u00e9los \u00e9lectriques<\/li>\n<li>R\u00e9parations simples pour v\u00e9los et v\u00e9los \u00e9lectriques<\/li>\n<li>Contact client lors des conversations de vente et gestion des r\u00e9clamations<\/li>\n<\/ul>\n<p><strong>Toutes les informations concernant le contenu des cours, les services, les dates des cours, les co\u00fbts et l&rsquo;inscription sont disponibles directement sur le site de la Retail Academy&nbsp;:<\/strong><br \/>\n<a href=\"https:\/\/www.anwr-swiss.ch\/de\/retail-academy\/bike-profi-werkstattkurs\/\" target=\"_blank\" rel=\"noopener\"><strong>Toutes les informations sur les cours et l&rsquo;inscription<\/strong><\/a><\/p>\n","protected":false},"featured_media":195271,"template":"","meta":{"_acf_changed":false},"event_category":[130],"class_list":["post-195273","events","type-events","status-publish","has-post-thumbnail","hentry","event_category-formation-continue"],"yoast_head":"<!-- This site is optimized with the Yoast SEO plugin v28.3 - https:\/\/yoast.com\/product\/yoast-seo-wordpress\/ -->\n<title>Acad\u00e9mie du commerce de d\u00e9tail : Cours d&#039;introduction pour les employ\u00e9s d&#039;ateliers de r\u00e9paration de v\u00e9los_11-2026 - Sportbiz<\/title>\n<meta name=\"robots\" content=\"index, follow, max-snippet:-1, max-image-preview:large, max-video-preview:-1\" \/>\n<link rel=\"canonical\" href=\"https:\/\/sportbiz.ch\/fr\/events\/academie-du-commerce-de-detail-cours-dintroduction-pour-les-employes-dateliers-de-reparation-de-velos-2\/\" \/>\n<meta property=\"og:locale\" content=\"fr_FR\" \/>\n<meta property=\"og:type\" content=\"article\" \/>\n<meta property=\"og:title\" content=\"Acad\u00e9mie du commerce de d\u00e9tail : Cours d&#039;introduction pour les employ\u00e9s d&#039;ateliers de r\u00e9paration de v\u00e9los_11-2026 - Sportbiz\" \/>\n<meta property=\"og:description\" content=\"Ce cours constitue une porte d&rsquo;entr\u00e9e vers le m\u00e9tier de m\u00e9canicien de v\u00e9lo professionnel et s&rsquo;adresse aux entreprises souhaitant former ou perfectionner leurs employ\u00e9s ne poss\u00e9dant pas de formation initiale en m\u00e9canique v\u00e9lo. Forts de ces bases, les participants peuvent suivre des cours avanc\u00e9s ou obtenir un second apprentissage reconnu au niveau f\u00e9d\u00e9ral pour devenir [&hellip;]\" \/>\n<meta property=\"og:url\" content=\"https:\/\/sportbiz.ch\/fr\/events\/academie-du-commerce-de-detail-cours-dintroduction-pour-les-employes-dateliers-de-reparation-de-velos-2\/\" \/>\n<meta property=\"og:site_name\" content=\"Sportbiz\" \/>\n<meta property=\"article:publisher\" content=\"https:\/\/www.facebook.com\/sportbizbyasmas\" \/>\n<meta property=\"article:modified_time\" content=\"2026-08-27T12:01:08+00:00\" \/>\n<meta property=\"og:image\" content=\"https:\/\/sportbiz.ch\/wp-content\/uploads\/2026\/08\/Werkstatt_3850x1920_STAGE_LARGE.jpg\" \/>\n\t<meta property=\"og:image:width\" content=\"1130\" \/>\n\t<meta property=\"og:image:height\" content=\"452\" \/>\n\t<meta property=\"og:image:type\" content=\"image\/jpeg\" \/>\n<meta name=\"twitter:card\" content=\"summary_large_image\" \/>\n<meta name=\"twitter:label1\" content=\"Dur\u00e9e de lecture estim\u00e9e\" \/>\n\t<meta name=\"twitter:data1\" content=\"1 minute\" \/>\n<script type=\"application\/ld+json\" class=\"yoast-schema-graph\">{\"@context\":\"https:\\\/\\\/schema.org\",\"@graph\":[{\"@type\":\"WebPage\",\"@id\":\"https:\\\/\\\/sportbiz.ch\\\/fr\\\/events\\\/academie-du-commerce-de-detail-cours-dintroduction-pour-les-employes-dateliers-de-reparation-de-velos-2\\\/\",\"url\":\"https:\\\/\\\/sportbiz.ch\\\/fr\\\/events\\\/academie-du-commerce-de-detail-cours-dintroduction-pour-les-employes-dateliers-de-reparation-de-velos-2\\\/\",\"name\":\"Acad\u00e9mie du commerce de d\u00e9tail : Cours d'introduction pour les employ\u00e9s d'ateliers de r\u00e9paration de v\u00e9los_11-2026 - Sportbiz\",\"isPartOf\":{\"@id\":\"https:\\\/\\\/sportbiz.ch\\\/fr\\\/#website\"},\"primaryImageOfPage\":{\"@id\":\"https:\\\/\\\/sportbiz.ch\\\/fr\\\/events\\\/academie-du-commerce-de-detail-cours-dintroduction-pour-les-employes-dateliers-de-reparation-de-velos-2\\\/#primaryimage\"},\"image\":{\"@id\":\"https:\\\/\\\/sportbiz.ch\\\/fr\\\/events\\\/academie-du-commerce-de-detail-cours-dintroduction-pour-les-employes-dateliers-de-reparation-de-velos-2\\\/#primaryimage\"},\"thumbnailUrl\":\"https:\\\/\\\/sportbiz.ch\\\/wp-content\\\/uploads\\\/2026\\\/08\\\/Werkstatt_3850x1920_STAGE_LARGE.jpg\",\"datePublished\":\"2026-08-26T10:24:38+00:00\",\"dateModified\":\"2026-08-27T12:01:08+00:00\",\"breadcrumb\":{\"@id\":\"https:\\\/\\\/sportbiz.ch\\\/fr\\\/events\\\/academie-du-commerce-de-detail-cours-dintroduction-pour-les-employes-dateliers-de-reparation-de-velos-2\\\/#breadcrumb\"},\"inLanguage\":\"fr-FR\",\"potentialAction\":[{\"@type\":\"ReadAction\",\"target\":[\"https:\\\/\\\/sportbiz.ch\\\/fr\\\/events\\\/academie-du-commerce-de-detail-cours-dintroduction-pour-les-employes-dateliers-de-reparation-de-velos-2\\\/\"]}]},{\"@type\":\"ImageObject\",\"inLanguage\":\"fr-FR\",\"@id\":\"https:\\\/\\\/sportbiz.ch\\\/fr\\\/events\\\/academie-du-commerce-de-detail-cours-dintroduction-pour-les-employes-dateliers-de-reparation-de-velos-2\\\/#primaryimage\",\"url\":\"https:\\\/\\\/sportbiz.ch\\\/wp-content\\\/uploads\\\/2026\\\/08\\\/Werkstatt_3850x1920_STAGE_LARGE.jpg\",\"contentUrl\":\"https:\\\/\\\/sportbiz.ch\\\/wp-content\\\/uploads\\\/2026\\\/08\\\/Werkstatt_3850x1920_STAGE_LARGE.jpg\",\"width\":1130,\"height\":452},{\"@type\":\"BreadcrumbList\",\"@id\":\"https:\\\/\\\/sportbiz.ch\\\/fr\\\/events\\\/academie-du-commerce-de-detail-cours-dintroduction-pour-les-employes-dateliers-de-reparation-de-velos-2\\\/#breadcrumb\",\"itemListElement\":[{\"@type\":\"ListItem\",\"position\":1,\"name\":\"Home\",\"item\":\"https:\\\/\\\/sportbiz.ch\\\/fr\\\/page-daccueil\\\/\"},{\"@type\":\"ListItem\",\"position\":2,\"name\":\"Events\",\"item\":\"https:\\\/\\\/sportbiz.ch\\\/fr\\\/events\\\/\"},{\"@type\":\"ListItem\",\"position\":3,\"name\":\"Acad\u00e9mie du commerce de d\u00e9tail : Cours d&#8217;introduction pour les employ\u00e9s d&#8217;ateliers de r\u00e9paration de v\u00e9los_11-2026\"}]},{\"@type\":\"WebSite\",\"@id\":\"https:\\\/\\\/sportbiz.ch\\\/fr\\\/#website\",\"url\":\"https:\\\/\\\/sportbiz.ch\\\/fr\\\/\",\"name\":\"Sportbiz\",\"description\":\"Schweizer Sportartikelbranche Online: ASMAS Verband Schweizer Sportfachhandel, \u00abSpaf\u00bb Verband Schweiz. Sportartikel-Lieferanten\",\"publisher\":{\"@id\":\"https:\\\/\\\/sportbiz.ch\\\/fr\\\/#organization\"},\"potentialAction\":[{\"@type\":\"SearchAction\",\"target\":{\"@type\":\"EntryPoint\",\"urlTemplate\":\"https:\\\/\\\/sportbiz.ch\\\/fr\\\/?s={search_term_string}\"},\"query-input\":{\"@type\":\"PropertyValueSpecification\",\"valueRequired\":true,\"valueName\":\"search_term_string\"}}],\"inLanguage\":\"fr-FR\"},{\"@type\":\"Organization\",\"@id\":\"https:\\\/\\\/sportbiz.ch\\\/fr\\\/#organization\",\"name\":\"ASMAS Sportfachhandel Schweiz\",\"url\":\"https:\\\/\\\/sportbiz.ch\\\/fr\\\/\",\"logo\":{\"@type\":\"ImageObject\",\"inLanguage\":\"fr-FR\",\"@id\":\"https:\\\/\\\/sportbiz.ch\\\/fr\\\/#\\\/schema\\\/logo\\\/image\\\/\",\"url\":\"https:\\\/\\\/sportbiz.ch\\\/wp-content\\\/uploads\\\/2023\\\/02\\\/sportbiz_Logo_72dpi.jpg\",\"contentUrl\":\"https:\\\/\\\/sportbiz.ch\\\/wp-content\\\/uploads\\\/2023\\\/02\\\/sportbiz_Logo_72dpi.jpg\",\"width\":520,\"height\":204,\"caption\":\"ASMAS Sportfachhandel Schweiz\"},\"image\":{\"@id\":\"https:\\\/\\\/sportbiz.ch\\\/fr\\\/#\\\/schema\\\/logo\\\/image\\\/\"},\"sameAs\":[\"https:\\\/\\\/www.facebook.com\\\/sportbizbyasmas\",\"https:\\\/\\\/www.linkedin.com\\\/company\\\/sportbizbyasmas\\\/\",\"https:\\\/\\\/www.instagram.com\\\/sportbiz.ch_by_asmas\\\/\",\"https:\\\/\\\/www.youtube.com\\\/channel\\\/UC_WL3nmvFlpl_sUNQofksqQ\"]}]}<\/script>\n<!-- \/ Yoast SEO plugin. -->","yoast_head_json":{"title":"Acad\u00e9mie du commerce de d\u00e9tail : Cours d'introduction pour les employ\u00e9s d'ateliers de r\u00e9paration de v\u00e9los_11-2026 - Sportbiz","robots":{"index":"index","follow":"follow","max-snippet":"max-snippet:-1","max-image-preview":"max-image-preview:large","max-video-preview":"max-video-preview:-1"},"canonical":"https:\/\/sportbiz.ch\/fr\/events\/academie-du-commerce-de-detail-cours-dintroduction-pour-les-employes-dateliers-de-reparation-de-velos-2\/","og_locale":"fr_FR","og_type":"article","og_title":"Acad\u00e9mie du commerce de d\u00e9tail : Cours d'introduction pour les employ\u00e9s d'ateliers de r\u00e9paration de v\u00e9los_11-2026 - Sportbiz","og_description":"Ce cours constitue une porte d&rsquo;entr\u00e9e vers le m\u00e9tier de m\u00e9canicien de v\u00e9lo professionnel et s&rsquo;adresse aux entreprises souhaitant former ou perfectionner leurs employ\u00e9s ne poss\u00e9dant pas de formation initiale en m\u00e9canique v\u00e9lo. Forts de ces bases, les participants peuvent suivre des cours avanc\u00e9s ou obtenir un second apprentissage reconnu au niveau f\u00e9d\u00e9ral pour devenir [&hellip;]","og_url":"https:\/\/sportbiz.ch\/fr\/events\/academie-du-commerce-de-detail-cours-dintroduction-pour-les-employes-dateliers-de-reparation-de-velos-2\/","og_site_name":"Sportbiz","article_publisher":"https:\/\/www.facebook.com\/sportbizbyasmas","article_modified_time":"2026-08-27T12:01:08+00:00","og_image":[{"width":1130,"height":452,"url":"https:\/\/sportbiz.ch\/wp-content\/uploads\/2026\/08\/Werkstatt_3850x1920_STAGE_LARGE.jpg","type":"image\/jpeg"}],"twitter_card":"summary_large_image","twitter_misc":{"Dur\u00e9e de lecture estim\u00e9e":"1 minute"},"schema":{"@context":"https:\/\/schema.org","@graph":[{"@type":"WebPage","@id":"https:\/\/sportbiz.ch\/fr\/events\/academie-du-commerce-de-detail-cours-dintroduction-pour-les-employes-dateliers-de-reparation-de-velos-2\/","url":"https:\/\/sportbiz.ch\/fr\/events\/academie-du-commerce-de-detail-cours-dintroduction-pour-les-employes-dateliers-de-reparation-de-velos-2\/","name":"Acad\u00e9mie du commerce de d\u00e9tail : Cours d'introduction pour les employ\u00e9s d'ateliers de r\u00e9paration de v\u00e9los_11-2026 - Sportbiz","isPartOf":{"@id":"https:\/\/sportbiz.ch\/fr\/#website"},"primaryImageOfPage":{"@id":"https:\/\/sportbiz.ch\/fr\/events\/academie-du-commerce-de-detail-cours-dintroduction-pour-les-employes-dateliers-de-reparation-de-velos-2\/#primaryimage"},"image":{"@id":"https:\/\/sportbiz.ch\/fr\/events\/academie-du-commerce-de-detail-cours-dintroduction-pour-les-employes-dateliers-de-reparation-de-velos-2\/#primaryimage"},"thumbnailUrl":"https:\/\/sportbiz.ch\/wp-content\/uploads\/2026\/08\/Werkstatt_3850x1920_STAGE_LARGE.jpg","datePublished":"2026-08-26T10:24:38+00:00","dateModified":"2026-08-27T12:01:08+00:00","breadcrumb":{"@id":"https:\/\/sportbiz.ch\/fr\/events\/academie-du-commerce-de-detail-cours-dintroduction-pour-les-employes-dateliers-de-reparation-de-velos-2\/#breadcrumb"},"inLanguage":"fr-FR","potentialAction":[{"@type":"ReadAction","target":["https:\/\/sportbiz.ch\/fr\/events\/academie-du-commerce-de-detail-cours-dintroduction-pour-les-employes-dateliers-de-reparation-de-velos-2\/"]}]},{"@type":"ImageObject","inLanguage":"fr-FR","@id":"https:\/\/sportbiz.ch\/fr\/events\/academie-du-commerce-de-detail-cours-dintroduction-pour-les-employes-dateliers-de-reparation-de-velos-2\/#primaryimage","url":"https:\/\/sportbiz.ch\/wp-content\/uploads\/2026\/08\/Werkstatt_3850x1920_STAGE_LARGE.jpg","contentUrl":"https:\/\/sportbiz.ch\/wp-content\/uploads\/2026\/08\/Werkstatt_3850x1920_STAGE_LARGE.jpg","width":1130,"height":452},{"@type":"BreadcrumbList","@id":"https:\/\/sportbiz.ch\/fr\/events\/academie-du-commerce-de-detail-cours-dintroduction-pour-les-employes-dateliers-de-reparation-de-velos-2\/#breadcrumb","itemListElement":[{"@type":"ListItem","position":1,"name":"Home","item":"https:\/\/sportbiz.ch\/fr\/page-daccueil\/"},{"@type":"ListItem","position":2,"name":"Events","item":"https:\/\/sportbiz.ch\/fr\/events\/"},{"@type":"ListItem","position":3,"name":"Acad\u00e9mie du commerce de d\u00e9tail : Cours d&#8217;introduction pour les employ\u00e9s d&#8217;ateliers de r\u00e9paration de v\u00e9los_11-2026"}]},{"@type":"WebSite","@id":"https:\/\/sportbiz.ch\/fr\/#website","url":"https:\/\/sportbiz.ch\/fr\/","name":"Sportbiz","description":"Schweizer Sportartikelbranche Online: ASMAS Verband Schweizer Sportfachhandel, \u00abSpaf\u00bb Verband Schweiz. Sportartikel-Lieferanten","publisher":{"@id":"https:\/\/sportbiz.ch\/fr\/#organization"},"potentialAction":[{"@type":"SearchAction","target":{"@type":"EntryPoint","urlTemplate":"https:\/\/sportbiz.ch\/fr\/?s={search_term_string}"},"query-input":{"@type":"PropertyValueSpecification","valueRequired":true,"valueName":"search_term_string"}}],"inLanguage":"fr-FR"},{"@type":"Organization","@id":"https:\/\/sportbiz.ch\/fr\/#organization","name":"ASMAS Sportfachhandel Schweiz","url":"https:\/\/sportbiz.ch\/fr\/","logo":{"@type":"ImageObject","inLanguage":"fr-FR","@id":"https:\/\/sportbiz.ch\/fr\/#\/schema\/logo\/image\/","url":"https:\/\/sportbiz.ch\/wp-content\/uploads\/2023\/02\/sportbiz_Logo_72dpi.jpg","contentUrl":"https:\/\/sportbiz.ch\/wp-content\/uploads\/2023\/02\/sportbiz_Logo_72dpi.jpg","width":520,"height":204,"caption":"ASMAS Sportfachhandel Schweiz"},"image":{"@id":"https:\/\/sportbiz.ch\/fr\/#\/schema\/logo\/image\/"},"sameAs":["https:\/\/www.facebook.com\/sportbizbyasmas","https:\/\/www.linkedin.com\/company\/sportbizbyasmas\/","https:\/\/www.instagram.com\/sportbiz.ch_by_asmas\/","https:\/\/www.youtube.com\/channel\/UC_WL3nmvFlpl_sUNQofksqQ"]}]}},"_links":{"self":[{"href":"https:\/\/sportbiz.ch\/fr\/wp-json\/wp\/v2\/events\/195273","targetHints":{"allow":["GET"]}}],"collection":[{"href":"https:\/\/sportbiz.ch\/fr\/wp-json\/wp\/v2\/events"}],"about":[{"href":"https:\/\/sportbiz.ch\/fr\/wp-json\/wp\/v2\/types\/events"}],"wp:featuredmedia":[{"embeddable":true,"href":"https:\/\/sportbiz.ch\/fr\/wp-json\/wp\/v2\/media\/195271"}],"wp:attachment":[{"href":"https:\/\/sportbiz.ch\/fr\/wp-json\/wp\/v2\/media?parent=195273"}],"wp:term":[{"taxonomy":"event_category","embeddable":true,"href":"https:\/\/sportbiz.ch\/fr\/wp-json\/wp\/v2\/event_category?post=195273"}],"curies":[{"name":"wp","href":"https:\/\/api.w.org\/{rel}","templated":true}]}}