{"id":185492,"date":"2026-04-16T13:21:53","date_gmt":"2026-04-16T11:21:53","guid":{"rendered":"https:\/\/sportbiz.ch\/events\/eurobike-2026\/"},"modified":"2026-09-02T12:09:20","modified_gmt":"2026-09-02T10:09:20","slug":"eurobike-2026","status":"publish","type":"events","link":"https:\/\/sportbiz.ch\/fr\/events\/eurobike-2026\/","title":{"rendered":"EUROBIKE 2027"},"content":{"rendered":"<p><strong>Date, fr\u00e9quence, terrain :<\/strong> <strong>les donn\u00e9es cl\u00e9s du nouvel EUROBIKE<\/strong><\/p>\n<p>La 35e \u00e9dition d&rsquo;EUROBIKE se tiendra <strong>\u00e0 Francfort du 30 juin au 2 juillet 2027.<\/strong> D\u00e9sormais, l&rsquo;\u00e9v\u00e9nement aura lieu chaque ann\u00e9e et se d\u00e9roulera sur trois journ\u00e9es B2B intensives, s&rsquo;inscrivant ainsi dans le calendrier international de l&rsquo;industrie pour les fabricants, les marques et les m\u00e9dias. Cette formule offre une visibilit\u00e9 optimale \u00e0 l&rsquo;ensemble du secteur.  <\/p>\n<p>Le d\u00e9m\u00e9nagement pr\u00e9vu vers la partie est du site se d\u00e9roulera comme pr\u00e9vu&nbsp;: <strong>en 2027, EUROBIKE s\u2019installera dans les halls 3, 4 et 5 autour de l\u2019Agora<\/strong> . L\u2019espace ext\u00e9rieur offrira des pistes d\u2019essai et des zones de d\u00e9monstration&nbsp;; le forum et le hall des festivals viendront compl\u00e9ter l\u2019offre pour les \u00e9v\u00e9nements partenaires et les rencontres professionnelles. <\/p>\n<p><strong>Plateforme sectorielle, internationalisation, r\u00e9seautage&nbsp;: le nouveau concept 2027+<\/strong><\/p>\n<p>\u00c0 partir de 2027, EUROBIKE mettra l&rsquo;accent sur les nouveaux produits, les innovations et le d\u00e9veloppement international. Fabricants, fournisseurs, distributeurs et autres acteurs du march\u00e9 du monde entier pourront collaborer encore plus efficacement, gr\u00e2ce \u00e0 de nouvelles opportunit\u00e9s de mise en relation et de r\u00e9seautage, ainsi qu&rsquo;\u00e0 des salles de r\u00e9union r\u00e9servables pour des \u00e9changes confidentiels. <\/p>\n<p>EUROBIKE restera une plateforme ouverte aux fabricants et aux acteurs technologiques de tous les march\u00e9s et pays de production concern\u00e9s. Plus particuli\u00e8rement en ce qui concerne les syst\u00e8mes de propulsion, les composants et les nouvelles technologies, nous visons \u00e0 refl\u00e9ter toute la dynamique d&rsquo;innovation mondiale du secteur. <\/p>\n<p>L\u2019\u00e9comobilit\u00e9 demeure \u00e9galement un important secteur de croissance \u2013 de la mobilit\u00e9 urbaine et de la logistique aux syst\u00e8mes en r\u00e9seau et aux nouvelles solutions de mobilit\u00e9.<\/p>\n<p>La large audience m\u00e9diatique internationale d&rsquo;EUROBIKE offre \u00e9galement aux exposants et aux marques une visibilit\u00e9 accrue pour leurs nouveaux produits et innovations.<\/p>\n<p><strong>Profil EUROBIKE - En savoir plus&nbsp;:<\/strong><br \/>\n<a href=\"https:\/\/eurobike.com\/frankfurt\/de\/profil-der-eurobike.html\" target=\"_blank\" rel=\"noopener\">eurobike.com<\/a><\/p>\n<p>&nbsp;<\/p>\n","protected":false},"featured_media":185494,"template":"","meta":{"_acf_changed":false},"event_category":[131],"class_list":["post-185492","events","type-events","status-publish","has-post-thumbnail","hentry","event_category-expos"],"yoast_head":"<!-- This site is optimized with the Yoast SEO plugin v28.3 - https:\/\/yoast.com\/product\/yoast-seo-wordpress\/ -->\n<title>EUROBIKE 2027 - Sportbiz<\/title>\n<meta name=\"robots\" content=\"index, follow, max-snippet:-1, max-image-preview:large, max-video-preview:-1\" \/>\n<link rel=\"canonical\" href=\"https:\/\/sportbiz.ch\/fr\/events\/eurobike-2026\/\" \/>\n<meta property=\"og:locale\" content=\"fr_FR\" \/>\n<meta property=\"og:type\" content=\"article\" \/>\n<meta property=\"og:title\" content=\"EUROBIKE 2027 - Sportbiz\" \/>\n<meta property=\"og:description\" content=\"Date, fr\u00e9quence, terrain : les donn\u00e9es cl\u00e9s du nouvel EUROBIKE La 35e \u00e9dition d&rsquo;EUROBIKE se tiendra \u00e0 Francfort du 30 juin au 2 juillet 2027. D\u00e9sormais, l&rsquo;\u00e9v\u00e9nement aura lieu chaque ann\u00e9e et se d\u00e9roulera sur trois journ\u00e9es B2B intensives, s&rsquo;inscrivant ainsi dans le calendrier international de l&rsquo;industrie pour les fabricants, les marques et les m\u00e9dias. [&hellip;]\" \/>\n<meta property=\"og:url\" content=\"https:\/\/sportbiz.ch\/fr\/events\/eurobike-2026\/\" \/>\n<meta property=\"og:site_name\" content=\"Sportbiz\" \/>\n<meta property=\"article:publisher\" content=\"https:\/\/www.facebook.com\/sportbizbyasmas\" \/>\n<meta property=\"article:modified_time\" content=\"2026-09-02T10:09:20+00:00\" \/>\n<meta property=\"og:image\" content=\"https:\/\/sportbiz.ch\/wp-content\/uploads\/2026\/04\/Eurobike_Logo_two-line-magenta.jpg\" \/>\n\t<meta property=\"og:image:width\" content=\"444\" \/>\n\t<meta property=\"og:image:height\" content=\"475\" \/>\n\t<meta property=\"og:image:type\" content=\"image\/jpeg\" \/>\n<meta name=\"twitter:card\" content=\"summary_large_image\" \/>\n<meta name=\"twitter:label1\" content=\"Dur\u00e9e de lecture estim\u00e9e\" \/>\n\t<meta name=\"twitter:data1\" content=\"2 minutes\" \/>\n<script type=\"application\/ld+json\" class=\"yoast-schema-graph\">{\"@context\":\"https:\\\/\\\/schema.org\",\"@graph\":[{\"@type\":\"WebPage\",\"@id\":\"https:\\\/\\\/sportbiz.ch\\\/fr\\\/events\\\/eurobike-2026\\\/\",\"url\":\"https:\\\/\\\/sportbiz.ch\\\/fr\\\/events\\\/eurobike-2026\\\/\",\"name\":\"EUROBIKE 2027 - Sportbiz\",\"isPartOf\":{\"@id\":\"https:\\\/\\\/sportbiz.ch\\\/fr\\\/#website\"},\"primaryImageOfPage\":{\"@id\":\"https:\\\/\\\/sportbiz.ch\\\/fr\\\/events\\\/eurobike-2026\\\/#primaryimage\"},\"image\":{\"@id\":\"https:\\\/\\\/sportbiz.ch\\\/fr\\\/events\\\/eurobike-2026\\\/#primaryimage\"},\"thumbnailUrl\":\"https:\\\/\\\/sportbiz.ch\\\/wp-content\\\/uploads\\\/2026\\\/04\\\/Eurobike_Logo_two-line-magenta.jpg\",\"datePublished\":\"2026-04-16T11:21:53+00:00\",\"dateModified\":\"2026-09-02T10:09:20+00:00\",\"breadcrumb\":{\"@id\":\"https:\\\/\\\/sportbiz.ch\\\/fr\\\/events\\\/eurobike-2026\\\/#breadcrumb\"},\"inLanguage\":\"fr-FR\",\"potentialAction\":[{\"@type\":\"ReadAction\",\"target\":[\"https:\\\/\\\/sportbiz.ch\\\/fr\\\/events\\\/eurobike-2026\\\/\"]}]},{\"@type\":\"ImageObject\",\"inLanguage\":\"fr-FR\",\"@id\":\"https:\\\/\\\/sportbiz.ch\\\/fr\\\/events\\\/eurobike-2026\\\/#primaryimage\",\"url\":\"https:\\\/\\\/sportbiz.ch\\\/wp-content\\\/uploads\\\/2026\\\/04\\\/Eurobike_Logo_two-line-magenta.jpg\",\"contentUrl\":\"https:\\\/\\\/sportbiz.ch\\\/wp-content\\\/uploads\\\/2026\\\/04\\\/Eurobike_Logo_two-line-magenta.jpg\",\"width\":444,\"height\":475},{\"@type\":\"BreadcrumbList\",\"@id\":\"https:\\\/\\\/sportbiz.ch\\\/fr\\\/events\\\/eurobike-2026\\\/#breadcrumb\",\"itemListElement\":[{\"@type\":\"ListItem\",\"position\":1,\"name\":\"Home\",\"item\":\"https:\\\/\\\/sportbiz.ch\\\/fr\\\/page-daccueil\\\/\"},{\"@type\":\"ListItem\",\"position\":2,\"name\":\"Events\",\"item\":\"https:\\\/\\\/sportbiz.ch\\\/fr\\\/events\\\/\"},{\"@type\":\"ListItem\",\"position\":3,\"name\":\"EUROBIKE 2027\"}]},{\"@type\":\"WebSite\",\"@id\":\"https:\\\/\\\/sportbiz.ch\\\/fr\\\/#website\",\"url\":\"https:\\\/\\\/sportbiz.ch\\\/fr\\\/\",\"name\":\"Sportbiz\",\"description\":\"Schweizer Sportartikelbranche Online: ASMAS Verband Schweizer Sportfachhandel, \u00abSpaf\u00bb Verband Schweiz. Sportartikel-Lieferanten\",\"publisher\":{\"@id\":\"https:\\\/\\\/sportbiz.ch\\\/fr\\\/#organization\"},\"potentialAction\":[{\"@type\":\"SearchAction\",\"target\":{\"@type\":\"EntryPoint\",\"urlTemplate\":\"https:\\\/\\\/sportbiz.ch\\\/fr\\\/?s={search_term_string}\"},\"query-input\":{\"@type\":\"PropertyValueSpecification\",\"valueRequired\":true,\"valueName\":\"search_term_string\"}}],\"inLanguage\":\"fr-FR\"},{\"@type\":\"Organization\",\"@id\":\"https:\\\/\\\/sportbiz.ch\\\/fr\\\/#organization\",\"name\":\"ASMAS Sportfachhandel Schweiz\",\"url\":\"https:\\\/\\\/sportbiz.ch\\\/fr\\\/\",\"logo\":{\"@type\":\"ImageObject\",\"inLanguage\":\"fr-FR\",\"@id\":\"https:\\\/\\\/sportbiz.ch\\\/fr\\\/#\\\/schema\\\/logo\\\/image\\\/\",\"url\":\"https:\\\/\\\/sportbiz.ch\\\/wp-content\\\/uploads\\\/2023\\\/02\\\/sportbiz_Logo_72dpi.jpg\",\"contentUrl\":\"https:\\\/\\\/sportbiz.ch\\\/wp-content\\\/uploads\\\/2023\\\/02\\\/sportbiz_Logo_72dpi.jpg\",\"width\":520,\"height\":204,\"caption\":\"ASMAS Sportfachhandel Schweiz\"},\"image\":{\"@id\":\"https:\\\/\\\/sportbiz.ch\\\/fr\\\/#\\\/schema\\\/logo\\\/image\\\/\"},\"sameAs\":[\"https:\\\/\\\/www.facebook.com\\\/sportbizbyasmas\",\"https:\\\/\\\/www.linkedin.com\\\/company\\\/sportbizbyasmas\\\/\",\"https:\\\/\\\/www.instagram.com\\\/sportbiz.ch_by_asmas\\\/\",\"https:\\\/\\\/www.youtube.com\\\/channel\\\/UC_WL3nmvFlpl_sUNQofksqQ\"]}]}<\/script>\n<!-- \/ Yoast SEO plugin. -->","yoast_head_json":{"title":"EUROBIKE 2027 - Sportbiz","robots":{"index":"index","follow":"follow","max-snippet":"max-snippet:-1","max-image-preview":"max-image-preview:large","max-video-preview":"max-video-preview:-1"},"canonical":"https:\/\/sportbiz.ch\/fr\/events\/eurobike-2026\/","og_locale":"fr_FR","og_type":"article","og_title":"EUROBIKE 2027 - Sportbiz","og_description":"Date, fr\u00e9quence, terrain : les donn\u00e9es cl\u00e9s du nouvel EUROBIKE La 35e \u00e9dition d&rsquo;EUROBIKE se tiendra \u00e0 Francfort du 30 juin au 2 juillet 2027. D\u00e9sormais, l&rsquo;\u00e9v\u00e9nement aura lieu chaque ann\u00e9e et se d\u00e9roulera sur trois journ\u00e9es B2B intensives, s&rsquo;inscrivant ainsi dans le calendrier international de l&rsquo;industrie pour les fabricants, les marques et les m\u00e9dias. [&hellip;]","og_url":"https:\/\/sportbiz.ch\/fr\/events\/eurobike-2026\/","og_site_name":"Sportbiz","article_publisher":"https:\/\/www.facebook.com\/sportbizbyasmas","article_modified_time":"2026-09-02T10:09:20+00:00","og_image":[{"width":444,"height":475,"url":"https:\/\/sportbiz.ch\/wp-content\/uploads\/2026\/04\/Eurobike_Logo_two-line-magenta.jpg","type":"image\/jpeg"}],"twitter_card":"summary_large_image","twitter_misc":{"Dur\u00e9e de lecture estim\u00e9e":"2 minutes"},"schema":{"@context":"https:\/\/schema.org","@graph":[{"@type":"WebPage","@id":"https:\/\/sportbiz.ch\/fr\/events\/eurobike-2026\/","url":"https:\/\/sportbiz.ch\/fr\/events\/eurobike-2026\/","name":"EUROBIKE 2027 - Sportbiz","isPartOf":{"@id":"https:\/\/sportbiz.ch\/fr\/#website"},"primaryImageOfPage":{"@id":"https:\/\/sportbiz.ch\/fr\/events\/eurobike-2026\/#primaryimage"},"image":{"@id":"https:\/\/sportbiz.ch\/fr\/events\/eurobike-2026\/#primaryimage"},"thumbnailUrl":"https:\/\/sportbiz.ch\/wp-content\/uploads\/2026\/04\/Eurobike_Logo_two-line-magenta.jpg","datePublished":"2026-04-16T11:21:53+00:00","dateModified":"2026-09-02T10:09:20+00:00","breadcrumb":{"@id":"https:\/\/sportbiz.ch\/fr\/events\/eurobike-2026\/#breadcrumb"},"inLanguage":"fr-FR","potentialAction":[{"@type":"ReadAction","target":["https:\/\/sportbiz.ch\/fr\/events\/eurobike-2026\/"]}]},{"@type":"ImageObject","inLanguage":"fr-FR","@id":"https:\/\/sportbiz.ch\/fr\/events\/eurobike-2026\/#primaryimage","url":"https:\/\/sportbiz.ch\/wp-content\/uploads\/2026\/04\/Eurobike_Logo_two-line-magenta.jpg","contentUrl":"https:\/\/sportbiz.ch\/wp-content\/uploads\/2026\/04\/Eurobike_Logo_two-line-magenta.jpg","width":444,"height":475},{"@type":"BreadcrumbList","@id":"https:\/\/sportbiz.ch\/fr\/events\/eurobike-2026\/#breadcrumb","itemListElement":[{"@type":"ListItem","position":1,"name":"Home","item":"https:\/\/sportbiz.ch\/fr\/page-daccueil\/"},{"@type":"ListItem","position":2,"name":"Events","item":"https:\/\/sportbiz.ch\/fr\/events\/"},{"@type":"ListItem","position":3,"name":"EUROBIKE 2027"}]},{"@type":"WebSite","@id":"https:\/\/sportbiz.ch\/fr\/#website","url":"https:\/\/sportbiz.ch\/fr\/","name":"Sportbiz","description":"Schweizer Sportartikelbranche Online: ASMAS Verband Schweizer Sportfachhandel, \u00abSpaf\u00bb Verband Schweiz. Sportartikel-Lieferanten","publisher":{"@id":"https:\/\/sportbiz.ch\/fr\/#organization"},"potentialAction":[{"@type":"SearchAction","target":{"@type":"EntryPoint","urlTemplate":"https:\/\/sportbiz.ch\/fr\/?s={search_term_string}"},"query-input":{"@type":"PropertyValueSpecification","valueRequired":true,"valueName":"search_term_string"}}],"inLanguage":"fr-FR"},{"@type":"Organization","@id":"https:\/\/sportbiz.ch\/fr\/#organization","name":"ASMAS Sportfachhandel Schweiz","url":"https:\/\/sportbiz.ch\/fr\/","logo":{"@type":"ImageObject","inLanguage":"fr-FR","@id":"https:\/\/sportbiz.ch\/fr\/#\/schema\/logo\/image\/","url":"https:\/\/sportbiz.ch\/wp-content\/uploads\/2023\/02\/sportbiz_Logo_72dpi.jpg","contentUrl":"https:\/\/sportbiz.ch\/wp-content\/uploads\/2023\/02\/sportbiz_Logo_72dpi.jpg","width":520,"height":204,"caption":"ASMAS Sportfachhandel Schweiz"},"image":{"@id":"https:\/\/sportbiz.ch\/fr\/#\/schema\/logo\/image\/"},"sameAs":["https:\/\/www.facebook.com\/sportbizbyasmas","https:\/\/www.linkedin.com\/company\/sportbizbyasmas\/","https:\/\/www.instagram.com\/sportbiz.ch_by_asmas\/","https:\/\/www.youtube.com\/channel\/UC_WL3nmvFlpl_sUNQofksqQ"]}]}},"_links":{"self":[{"href":"https:\/\/sportbiz.ch\/fr\/wp-json\/wp\/v2\/events\/185492","targetHints":{"allow":["GET"]}}],"collection":[{"href":"https:\/\/sportbiz.ch\/fr\/wp-json\/wp\/v2\/events"}],"about":[{"href":"https:\/\/sportbiz.ch\/fr\/wp-json\/wp\/v2\/types\/events"}],"wp:featuredmedia":[{"embeddable":true,"href":"https:\/\/sportbiz.ch\/fr\/wp-json\/wp\/v2\/media\/185494"}],"wp:attachment":[{"href":"https:\/\/sportbiz.ch\/fr\/wp-json\/wp\/v2\/media?parent=185492"}],"wp:term":[{"taxonomy":"event_category","embeddable":true,"href":"https:\/\/sportbiz.ch\/fr\/wp-json\/wp\/v2\/event_category?post=185492"}],"curies":[{"name":"wp","href":"https:\/\/api.w.org\/{rel}","templated":true}]}}